{"id":11417,"date":"2020-07-07T16:49:10","date_gmt":"2020-07-07T16:49:10","guid":{"rendered":"https:\/\/www.rentriders.pt\/?post_type=product&#038;p=11417"},"modified":"2026-05-01T13:35:47","modified_gmt":"2026-05-01T13:35:47","slug":"scott-sub-comfort","status":"publish","type":"product","link":"https:\/\/www.rentriders.pt\/fr\/produto\/scott-sub-comfort\/","title":{"rendered":"SCOTT &#8211; SUB COMFORT"},"content":{"rendered":"<p><\/p>\n<h2 style=\"text-align: center;\"><strong>Louez un v\u00e9lo premium pour visiter Lisbonne \u2013 Cat. BC<\/strong><\/h2>\n<h3><strong>Les principales caract\u00e9ristiques de Scott Sub-Comfort\u00a0 comprennent:<\/strong><\/h3>\n<p>\u2022 Cadre SUB Comfort 6061 Tig<br \/>\n\u2022 Fourche Suntour M3010, Voyage 50mm, bobine<br \/>\n\u2022 Casque VP-A41AC Semi int\u00e9gr\u00e9<br \/>\n\u2022 d\u00e9railleur arri\u00e8re Shimano Acera ARDT3000SGSL<br \/>\n\u2022 D\u00e9railleur avant Shimano Altus FD-M191<br \/>\n\u2022 Manettes Shimano STEF 51<br \/>\n\u2022 46g Leviers de frein PromaxBL<br \/>\n\u2022 Freins Promax TX 123<br \/>\n\u2022 Shimano P\u00e9dalier FC-TY701 C Black 48x38x28 T<br \/>\n\u2022 BB-Set VP-BC73C<br \/>\n\u2022 Guidon HL-Sport Comfort<br \/>\n\u2022 H\u2019stem Promax MA 589<br \/>\n\u2022 P\u00e9dales VP-573<br \/>\n\u2022 Tige de selle HL SP 80N Suspension Tige de selle<br \/>\n\u2022 Si\u00e8ge Syncros<br \/>\n\u2022 2 Hub (avant) Shimano DH-3N31 Dynamo 36h<br \/>\n\u2022 Hub (arri\u00e8re) Shimano FH-TX800 36h<br \/>\n\u2022 Cha\u00eene KMC Z72<br \/>\n\u2022 Cassette Shimano CS-HG31 11-32 T Black<br \/>\n\u2022 Spokes pilier en acier 14G<br \/>\n\u2022 Jantes Cross X2 622<br \/>\n\u2022 Pneus Continental Ville-bus<br \/>\n\u2022 Feux avant: Spanninga Kendo arri\u00e8re: Spanninga Solo<br \/>\n\u2022 Rack &amp; Fenders Racktime Standit w \/ pince \u00e0 ressort Chin Chern Fenders ABUS verrouillage 52 du cadre<br \/>\n\u2022 Poids en kg 17.5<br \/>\n\u2022 Poids Env dans LBS 38.58<\/p>\n<p>Le mod\u00e8le de v\u00e9lo Scott Sub-Comfort, disponible avec cadre adapt\u00e9 pour les hommes, les femmes ou \u00e0 v\u00e9lo unisexe est un haut de gamme qui vous fournira un plus grand comfort \u00e0 visiter Lisbonne. Allez tout le fleuve derri\u00e8re le volant de cette bicyclette sera une exp\u00e9rience inoubliable. Location de biciclette cest avec Rent Riders \u2013 Lisbonne!<\/p>\n<h4>Un excellent compagnon pour ses d\u00e9couvertes \u00e0 Lisbonne.<\/h4>\n<p><\/p>","protected":false},"excerpt":{"rendered":"<p>Louez un Vel\u00f3 Scott Sub comfort chez Rent Riders et partez \u00e0 l\u2019aventure \u00e0 Lisbonne sur deux roues!<\/p>\n","protected":false},"featured_media":14740,"template":"","meta":{"iawp_total_views":697},"product_brand":[],"product_cat":[47],"product_tag":[],"class_list":{"0":"post-11417","1":"product","2":"type-product","3":"status-publish","4":"has-post-thumbnail","6":"product_cat-aluguer-de-bicicletas-cidade-cat-bc","8":"first","9":"instock","10":"taxable","11":"shipping-taxable","12":"purchasable","13":"product-type-variable","14":"czr-hentry"},"_links":{"self":[{"href":"https:\/\/www.rentriders.pt\/fr\/wp-json\/wp\/v2\/product\/11417","targetHints":{"allow":["GET"]}}],"collection":[{"href":"https:\/\/www.rentriders.pt\/fr\/wp-json\/wp\/v2\/product"}],"about":[{"href":"https:\/\/www.rentriders.pt\/fr\/wp-json\/wp\/v2\/types\/product"}],"wp:featuredmedia":[{"embeddable":true,"href":"https:\/\/www.rentriders.pt\/fr\/wp-json\/wp\/v2\/media\/14740"}],"wp:attachment":[{"href":"https:\/\/www.rentriders.pt\/fr\/wp-json\/wp\/v2\/media?parent=11417"}],"wp:term":[{"taxonomy":"product_brand","embeddable":true,"href":"https:\/\/www.rentriders.pt\/fr\/wp-json\/wp\/v2\/product_brand?post=11417"},{"taxonomy":"product_cat","embeddable":true,"href":"https:\/\/www.rentriders.pt\/fr\/wp-json\/wp\/v2\/product_cat?post=11417"},{"taxonomy":"product_tag","embeddable":true,"href":"https:\/\/www.rentriders.pt\/fr\/wp-json\/wp\/v2\/product_tag?post=11417"}],"curies":[{"name":"wp","href":"https:\/\/api.w.org\/{rel}","templated":true}]}}