{"id":10986,"date":"2020-07-01T18:41:01","date_gmt":"2020-07-01T18:41:01","guid":{"rendered":"https:\/\/www.rentriders.pt\/?post_type=product&#038;p=10986"},"modified":"2026-04-07T16:02:51","modified_gmt":"2026-04-07T16:02:51","slug":"moto-guzzi-v7-ii-special-750cc","status":"publish","type":"product","link":"https:\/\/www.rentriders.pt\/fr\/produto\/moto-guzzi-750cc\/","title":{"rendered":"MOTO GUZZI &#8211; V7 II SPECIAL 750"},"content":{"rendered":"<p><\/p>\n<h2>MOTO &#8211; MOTO GUZZI V7 II Special ABS 750 \u2013 Cat\u00e9gorie de Location F<\/h2>\n<table>\n<tbody>\n<tr>\n<td colspan=\"2\"><strong>Moteur<\/strong><\/td>\n<\/tr>\n<tr>\n<td>Type<\/td>\n<td>Bicilindrica\u00a0V 90\u00ba \u2013 4 temps<\/td>\n<\/tr>\n<tr>\n<td>D\u00e9placement<\/td>\n<td>749\u00a0cc<\/td>\n<\/tr>\n<tr>\n<td>Puissance<\/td>\n<td>48 CV (35 kW) \/ 8500 rpm<\/td>\n<\/tr>\n<tr>\n<td>Syst\u00e8me de r\u00e9frig\u00e9ration<\/td>\n<td>Air<\/td>\n<\/tr>\n<tr>\n<td>Alimentation<\/td>\n<td>CDI<\/td>\n<\/tr>\n<tr>\n<td>Transmission<\/td>\n<td>Variable<\/td>\n<\/tr>\n<tr>\n<td>Approbation<\/td>\n<td>Euro 3<\/td>\n<\/tr>\n<tr>\n<td colspan=\"2\"><strong>Chassis<\/strong><\/td>\n<\/tr>\n<tr>\n<td>Longueur (mm)<\/td>\n<td>2165<\/td>\n<\/tr>\n<tr>\n<td>Largeur (mm)<\/td>\n<td>870<\/td>\n<\/tr>\n<tr>\n<td>Hauteur (mm)<\/td>\n<td>1395<\/td>\n<\/tr>\n<tr>\n<td>Empattement (mm)<\/td>\n<td>1495<\/td>\n<\/tr>\n<tr>\n<td>Poids \u00e0 sec (kg)<\/td>\n<td>163<\/td>\n<\/tr>\n<tr>\n<td>R\u00e9servoir de carburant (L)<\/td>\n<td>12<\/td>\n<\/tr>\n<tr>\n<td>Suspension avant<\/td>\n<td>Hydraulique Fourche T\u00e9lescopique<\/td>\n<\/tr>\n<tr>\n<td>Suspension arri\u00e8re<\/td>\n<td>Double amortisseur<\/td>\n<\/tr>\n<tr>\n<td>Frein avant<\/td>\n<td>Disc\u00a0240 mm \u2013 ABS<\/td>\n<\/tr>\n<tr>\n<td>Frein arri\u00e8re<\/td>\n<td>Disc 200 mm \u2013 ABS<\/td>\n<\/tr>\n<tr>\n<td>Pneu avant<\/td>\n<td>110\/90 \u2013 13<\/td>\n<\/tr>\n<tr>\n<td>Pneu arri\u00e8re<\/td>\n<td>130\/70 \u2013 12<\/td>\n<\/tr>\n<\/tbody>\n<\/table>\n<hr \/>\n<h3 style=\"text-align: justify;\">Pour de grandes aventures louer un scooter plus grande aussi. En choisissant la location d\u00b4un moto dans ce segment, vous profiterez d\u00b4un confort et d\u00b4une\u00a0 performance magnifiques!<\/h3>\n<p style=\"text-align: justify;\">Louer un \u00a0moto chez Rent Riders est la meilleure fa\u00e7on de visiter et de conna\u00eetre le Portugal, en particulier de Lisbonne et ses magnifiques environs. Allez \u00e0 Sintra, Cascais, Costa de Caparica ou tout autre endroit que vous souhaitez visiter ou d\u00e9couvrir pilotant l\u2019un des motos de location ce sera inoubliable!<\/p>\n<p style=\"text-align: justify;\">Seul ou ensemble, le choix est le v\u00f4tre! Il suffit de venir \u00e0 RentRiders.Pt, louer un scooter et partir!<\/p>\n<p style=\"text-align: justify;\">Louer un scooter ou une moto de cat\u00e9gorie F, moteur jusqu\u2019\u00e0 750CC, sera plus facile\u00a0 aller plus loin,\u00a0 visiter Cascais, Sintra, Costa de Caparica, Sesimbra et beaucoup d\u2019autres endroits baign\u00e9s par l\u2019Oc\u00e9an Atlantique, avec un plus grand confort.<\/p>\n<p style=\"text-align: justify;\">Louer un moto et d\u00e9couvrir la meilleure cuisine portugaise! Si vous aimez le poisson faites un tour \u00e0 Sesimbra profitez d\u2019un bon d\u00e9jeuner avec ce que la mer nous offre de mieux! Tout cela sans vous ennuyer avec les\u00a0 embouteillages\u00a0 et le parkings.<\/p>\n<h4 style=\"text-align: justify;\">Louer un MOTO GUZZI V7 II ABS 750CC Special et inclut \u201cBoca do Inferno\u201d, pr\u00e8s de Cascais, profitant les bonnes palourdes portugaises avec la mer bleue comme scenario.<\/h4>\n<p><\/p>","protected":false},"excerpt":{"rendered":"<p>Louez un Moto Guzzi V7 II Special 750cc chez RentRiders et amusez-vous \u00e0 Lisbonne et dans ses environs ! \ud83d\ude42<\/p>\n<p><em>Remarque : Il est n\u00e9cessaire d&rsquo;avoir un Permis de Conduire Moto de cat\u00e9gorie A (Classe 6 au Canada).<\/em><\/p>\n","protected":false},"featured_media":14667,"template":"","meta":{"iawp_total_views":395},"product_brand":[],"product_cat":[44],"product_tag":[],"class_list":{"0":"post-10986","1":"product","2":"type-product","3":"status-publish","4":"has-post-thumbnail","6":"product_cat-aluguer-de-motos-750cc-cat-f","8":"first","9":"instock","10":"sold-individually","11":"taxable","12":"shipping-taxable","13":"purchasable","14":"product-type-simple","15":"czr-hentry"},"_links":{"self":[{"href":"https:\/\/www.rentriders.pt\/fr\/wp-json\/wp\/v2\/product\/10986","targetHints":{"allow":["GET"]}}],"collection":[{"href":"https:\/\/www.rentriders.pt\/fr\/wp-json\/wp\/v2\/product"}],"about":[{"href":"https:\/\/www.rentriders.pt\/fr\/wp-json\/wp\/v2\/types\/product"}],"wp:featuredmedia":[{"embeddable":true,"href":"https:\/\/www.rentriders.pt\/fr\/wp-json\/wp\/v2\/media\/14667"}],"wp:attachment":[{"href":"https:\/\/www.rentriders.pt\/fr\/wp-json\/wp\/v2\/media?parent=10986"}],"wp:term":[{"taxonomy":"product_brand","embeddable":true,"href":"https:\/\/www.rentriders.pt\/fr\/wp-json\/wp\/v2\/product_brand?post=10986"},{"taxonomy":"product_cat","embeddable":true,"href":"https:\/\/www.rentriders.pt\/fr\/wp-json\/wp\/v2\/product_cat?post=10986"},{"taxonomy":"product_tag","embeddable":true,"href":"https:\/\/www.rentriders.pt\/fr\/wp-json\/wp\/v2\/product_tag?post=10986"}],"curies":[{"name":"wp","href":"https:\/\/api.w.org\/{rel}","templated":true}]}}