{"id":89,"date":"2016-03-20T15:37:37","date_gmt":"2016-03-20T15:37:37","guid":{"rendered":"http:\/\/www.rentriders.pt\/?page_id=89"},"modified":"2025-08-28T11:05:59","modified_gmt":"2025-08-28T11:05:59","slug":"aluguer-bicicletas","status":"publish","type":"page","link":"https:\/\/www.rentriders.pt\/es\/alquiler-bicicletas-lisboa\/","title":{"rendered":"Alquiler de Bicicletas &#038; Bicicletas \u00c9lectricas en Lisboa"},"content":{"rendered":"<p><\/p>\n<h2 style=\"text-align: center;\"><strong>Alquila ya tu bicicleta o e-bike en Lisboa @ RentRiders<sup>\u00ae\u00a0<\/sup><\/strong><\/h2>\n<p style=\"text-align: center;\"><strong>Reserva online y benef\u00edciate de un 15% de descuento* <\/strong>en todas las categor\u00edas de alquiler de bicicletas.<\/p>\n<p style=\"text-align: center;\"><strong>\u00a1Cuanto m\u00e1s d\u00edas alquiles menos pagar\u00e1s por d\u00eda!<\/strong>\u00a0\ud83d\ude42<\/p>\n<p style=\"text-align: center;\"><span style=\"color: #339966;\"><strong>\u21d2 <span style=\"text-decoration: underline;\">Los precios y descuentos mostrados son exclusivamente para reservas realizadas online.<\/span> \u21d0<\/strong><\/span><\/p>\n<p style=\"text-align: center;\">Paga solo el 20% del importe total del alquiler ahora y el resto en el Check-in.<\/p>\n<p style=\"text-align: center;\">\u00a1 Rent-a-Ride en Lisboa @ RentRiders<sup>\u00ae<\/sup> \ud83d\ude42<strong>\u00a0<\/strong><\/p>\n<p style=\"text-align: center;\"><div class=\"woocommerce columns-4 \"><ul class=\"products columns-4\">\n<li class=\"czr-hentry product type-product post-11417 status-publish first instock product_cat-aluguer-de-bicicletas-cidade-cat-bc has-post-thumbnail taxable shipping-taxable purchasable product-type-variable\">\n\t<a href=\"https:\/\/www.rentriders.pt\/es\/produto\/scott-sub-comfort\/\" class=\"woocommerce-LoopProduct-link woocommerce-loop-product__link\"><img loading=\"lazy\" decoding=\"async\" width=\"300\" height=\"300\" src=\"https:&#x2f;&#x2f;&#119;w&#x77;&#x2e;&#114;en&#x74;&#x72;&#105;d&#x65;&#x72;&#115;&#46;p&#x74;&#x2f;&#119;p&#x2d;&#x63;&#111;&#110;t&#x65;&#x6e;&#116;\/&#x75;&#x70;&#108;&#111;a&#x64;&#x73;&#47;2&#x30;&#x32;&#48;&#47;0&#x37;&#x2f;&#83;c&#x6f;&#x74;&#x74;&#45;S&#x75;&#x62;&#45;Co&#x6d;&#x66;&#111;r&#x74;&#x2d;&#64;&#45;R&#x65;&#x6e;&#116;R&#x69;&#x64;&#101;&#114;s&#x2e;&#x50;&#116;-&#x42;&#x69;&#107;&#101;s&#x2d;&#x33;&#48;0&#x78;&#x33;&#48;&#48;&#46;&#x61;&#x76;&#105;f\" class=\"attachment-woocommerce_thumbnail size-woocommerce_thumbnail\" alt=\"Alquiler de Bicicletas Scott Sub Comfort en Lisboa\" srcset=\"https:&#47;&#x2f;&#x77;w&#119;&#x2e;&#x72;e&#110;&#x74;r&#105;&#x64;&#x65;r&#115;&#x2e;p&#116;&#x2f;&#x77;p&#45;&#x63;&#x6f;&#110;&#x74;&#x65;n&#116;&#x2f;&#x75;p&#108;&#x6f;a&#100;&#x73;&#x2f;2&#48;&#x32;0&#47;&#x30;&#x37;\/&#83;&#x63;&#x6f;&#116;&#x74;&#x2d;S&#117;&#x62;&#x2d;C&#111;&#x6d;f&#111;&#x72;&#x74;-&#64;&#x2d;R&#101;&#x6e;&#x74;R&#105;&#x64;&#x65;&#114;&#x73;&#x2e;P&#116;&#x2d;&#x42;i&#107;&#x65;s&#45;&#x33;&#x30;0&#120;&#x33;0&#48;&#x2e;&#x61;v&#105;&#x66; 300w, https:&#47;&#x2f;w&#x77;w&#46;&#x72;&#101;&#x6e;t&#114;&#x69;&#100;&#x65;r&#x73;&#x2e;&#112;&#x74;\/&#x77;p&#45;&#x63;&#111;&#x6e;t&#101;&#x6e;&#116;&#x2f;u&#112;&#x6c;&#111;&#x61;d&#x73;&#x2f;&#50;&#x30;2&#x30;\/&#48;&#x37;&#47;&#x53;c&#111;&#x74;&#116;&#x2d;S&#117;&#x62;&#45;&#x43;o&#x6d;f&#111;&#x72;t&#x2d;&#64;&#45;&#x52;&#101;&#x6e;t&#82;&#x69;&#100;&#x65;r&#x73;&#x2e;&#80;&#x74;-&#x42;i&#107;&#x65;&#115;&#x2d;1&#48;&#x30;&#120;&#x31;0&#48;&#x2e;&#97;&#x76;i&#x66; 100w, https:&#x2f;&#47;&#x77;&#x77;&#119;&#x2e;&#x72;&#101;&#x6e;&#x74;&#114;&#x69;&#x64;e&#x72;&#x73;&#46;&#x70;&#116;\/&#x77;&#112;-&#x63;&#111;n&#x74;&#101;n&#x74;&#47;u&#x70;&#108;o&#x61;&#100;s&#x2f;&#50;0&#x32;&#48;\/&#x30;&#55;\/&#x53;&#99;&#x6f;&#x74;&#116;&#x2d;&#x53;&#117;&#x62;&#x2d;&#67;&#x6f;&#x6d;&#102;&#x6f;&#x72;t&#x2d;&#x40;-&#x52;&#101;n&#x74;&#82;i&#x64;&#101;r&#x73;&#46;P&#x74;&#45;B&#x69;&#107;e&#x73;&#45;1&#x35;&#48;x&#x31;&#53;0&#x2e;&#97;v&#x69;&#102; 150w, https:&#x2f;&#47;w&#x77;&#x77;&#46;r&#x65;&#x6e;&#116;r&#x69;&#x64;&#101;r&#x73;&#x2e;&#112;t&#x2f;&#119;&#112;-&#x63;&#111;n&#x74;&#x65;&#110;t&#x2f;&#x75;&#112;l&#x6f;&#x61;&#100;s&#x2f;&#x32;&#48;2&#x30;&#x2f;&#48;7&#x2f;&#83;&#99;&#x6f;&#x74;&#116;-&#x53;&#x75;&#98;-&#x43;&#x6f;&#109;f&#x6f;&#x72;&#116;-&#x40;&#x2d;&#82;e&#x6e;&#116;&#82;i&#x64;&#101;r&#x73;&#x2e;&#80;t&#x2d;&#x42;&#105;k&#x65;&#x73;&#45;5&#x31;&#x30;&#120;5&#x31;&#x30;&#46;a&#x76;&#105;&#102; 510w\" sizes=\"auto, (max-width: 300px) 100vw, 300px\" \/><h2 class=\"woocommerce-loop-product__title\">SCOTT &#8211; SUB COMFORT<\/h2>\n\t<span class=\"price\">Max. <span class=\"woocommerce-Price-amount amount\"><bdi>24,50&nbsp;<span class=\"woocommerce-Price-currencySymbol\">&euro;<\/span><\/bdi><\/span> por 1 d\u00eda<\/span>\n<\/a><a href=\"https:\/\/www.rentriders.pt\/es\/produto\/scott-sub-comfort\/\" rel=\"nofollow\" class=\"button\">Rent &amp; Ride<\/a>\t<span id=\"woocommerce_loop_add_to_cart_link_describedby_11417\" class=\"screen-reader-text\">\n\t\tEste producto tiene m\u00faltiples variantes. Las opciones se pueden elegir en la p\u00e1gina de producto\t<\/span>\n<\/li>\n<li class=\"czr-hentry product type-product post-11429 status-publish instock product_cat-aluguer-de-bicicletas-montanha-cat-bc has-post-thumbnail taxable shipping-taxable purchasable product-type-variable\">\n\t<a href=\"https:\/\/www.rentriders.pt\/es\/produto\/scott-aspect\/\" class=\"woocommerce-LoopProduct-link woocommerce-loop-product__link\"><img loading=\"lazy\" decoding=\"async\" width=\"300\" height=\"300\" src=\"https:\/&#47;&#119;&#x77;&#x77;&#x2e;re&#110;&#116;&#x72;&#x69;&#x64;e&#114;&#115;&#46;&#x70;&#x74;&#x2f;w&#112;&#45;&#x63;&#x6f;&#x6e;te&#110;&#116;&#x2f;&#x75;&#x70;l&#111;&#97;&#100;&#x73;&#x2f;&#x32;0&#50;&#48;&#x2f;&#x30;&#x37;\/S&#99;&#111;&#x74;&#x74;&#x2d;A&#115;&#112;&#101;&#x63;&#x74;&#x2d;&#64;&#45;&#82;&#x65;&#x6e;&#x74;Ri&#100;&#101;&#x72;&#x73;&#x2e;P&#116;&#45;&#66;&#x69;&#x6b;&#x65;s&#45;&#51;&#x30;&#x30;&#x78;30&#48;&#46;&#x61;&#x76;&#x69;f\" class=\"attachment-woocommerce_thumbnail size-woocommerce_thumbnail\" alt=\"Alquiler de Bicicletas Scott Aspect en Lisboa\" srcset=\"https:&#47;&#x2f;&#119;&#x77;w&#x2e;r&#101;&#x6e;&#116;&#x72;i&#x64;e&#114;&#x73;&#46;&#x70;t&#x2f;w&#112;&#x2d;&#99;&#x6f;n&#x74;e&#110;&#x74;&#47;&#x75;p&#x6c;o&#97;&#x64;&#115;&#x2f;2&#x30;2&#48;&#x2f;&#48;&#x37;\/&#x53;c&#111;&#x74;&#116;&#x2d;A&#x73;p&#101;&#x63;&#116;&#x2d;&#64;&#x2d;R&#101;&#x6e;&#116;&#x52;i&#x64;e&#114;&#x73;&#46;&#x50;&#116;&#x2d;B&#105;&#x6b;&#101;&#x73;&#45;&#x33;0&#48;&#x78;&#51;&#x30;&#48;&#x2e;a&#x76;&#x69;&#102; 300w, https:\/&#47;&#x77;&#x77;&#x77;&#46;&#114;&#x65;&#x6e;&#x74;r&#105;&#x64;&#x65;&#x72;s&#46;&#x70;&#x74;&#x2f;w&#112;&#x2d;&#x63;&#x6f;n&#116;&#x65;&#x6e;&#x74;\/&#117;&#x70;&#x6c;&#x6f;a&#100;&#x73;&#x2f;&#x32;0&#50;&#x30;&#x2f;&#x30;7&#47;&#x53;&#x63;&#x6f;t&#116;&#x2d;&#x41;&#x73;p&#101;&#x63;&#x74;&#x2d;&#64;&#45;&#x52;&#x65;&#x6e;t&#82;&#x69;&#x64;&#x65;r&#115;&#x2e;&#x50;&#x74;-&#66;&#x69;&#x6b;&#x65;s&#45;&#x31;&#x30;&#x30;x&#49;&#x30;&#x30;&#x2e;a&#118;&#x69;&#x66; 100w, https:&#x2f;&#x2f;&#x77;&#119;&#119;&#46;re&#x6e;&#x74;&#x72;&#x69;&#100;&#101;rs&#x2e;&#x70;&#x74;&#x2f;&#119;&#112;-c&#x6f;&#x6e;&#x74;&#x65;&#110;&#116;&#47;up&#x6c;&#x6f;&#x61;&#x64;&#115;&#47;20&#x32;&#x30;&#x2f;&#x30;&#55;&#47;Sc&#x6f;&#x74;&#x74;&#x2d;&#65;&#115;&#112;ec&#x74;&#x2d;&#x40;&#x2d;&#82;&#101;nt&#x52;&#x69;&#x64;&#x65;&#114;&#115;&#46;P&#x74;&#x2d;&#x42;&#x69;&#107;&#101;&#115;-1&#x35;&#x30;&#x78;&#x31;&#53;&#48;&#46;a&#x76;&#x69;&#x66; 150w, https:&#x2f;&#x2f;&#x77;&#x77;&#x77;&#x2e;&#114;&#101;&#110;&#116;ride&#x72;&#x73;&#x2e;&#x70;&#x74;&#x2f;&#119;&#112;&#45;&#99;&#111;nte&#x6e;&#x74;&#x2f;&#x75;&#x70;&#x6c;&#111;&#97;&#100;&#115;&#47;202&#x30;&#x2f;&#x30;&#x37;&#x2f;&#x53;&#x63;&#111;&#116;&#116;&#45;Aspe&#x63;&#x74;&#x2d;&#x40;&#x2d;&#x52;&#101;&#110;&#116;&#82;ider&#x73;&#x2e;&#x50;&#x74;&#x2d;&#x42;&#105;&#107;&#101;&#115;&#45;510&#x78;&#x35;&#x31;&#x30;&#x2e;&#x61;&#x76;&#105;&#102; 510w\" sizes=\"auto, (max-width: 300px) 100vw, 300px\" \/><h2 class=\"woocommerce-loop-product__title\">SCOTT &#8211; ASPECT<\/h2>\n\t<span class=\"price\">Max. <span class=\"woocommerce-Price-amount amount\"><bdi>26,50&nbsp;<span class=\"woocommerce-Price-currencySymbol\">&euro;<\/span><\/bdi><\/span> por 1 d\u00eda<\/span>\n<\/a><a href=\"https:\/\/www.rentriders.pt\/es\/produto\/scott-aspect\/\" rel=\"nofollow\" class=\"button\">Rent &amp; Ride<\/a>\t<span id=\"woocommerce_loop_add_to_cart_link_describedby_11429\" class=\"screen-reader-text\">\n\t\tEste producto tiene m\u00faltiples variantes. Las opciones se pueden elegir en la p\u00e1gina de producto\t<\/span>\n<\/li>\n<li class=\"czr-hentry product type-product post-11426 status-publish instock product_cat-aluguer-de-bicicletas-estrada-cat-bm has-post-thumbnail taxable shipping-taxable purchasable product-type-variable\">\n\t<a href=\"https:\/\/www.rentriders.pt\/es\/produto\/scott-speedster\/\" class=\"woocommerce-LoopProduct-link woocommerce-loop-product__link\"><img loading=\"lazy\" decoding=\"async\" width=\"300\" height=\"300\" src=\"https:\/&#47;&#119;&#119;&#x77;&#x2e;&#x72;en&#116;&#114;&#x69;&#x64;&#x65;&#x72;s&#46;&#112;&#116;&#x2f;&#x77;&#x70;&#x2d;c&#111;&#110;&#116;&#x65;&#x6e;&#x74;\/u&#112;&#108;&#111;&#x61;&#x64;&#x73;\/2&#48;&#50;&#x30;&#x2f;&#x30;&#x37;\/S&#99;&#111;&#x74;&#x74;&#x2d;Sp&#101;&#101;&#100;&#x73;&#x74;&#x65;r&#64;&#45;&#82;&#x65;&#x6e;&#x74;&#x52;id&#101;&#114;&#x73;&#x2e;&#x50;t-&#66;&#105;&#107;&#x65;&#x73;&#x2d;30&#48;&#120;&#x33;&#x30;&#x30;&#x2e;av&#105;&#102;\" class=\"attachment-woocommerce_thumbnail size-woocommerce_thumbnail\" alt=\"Alquiler de Bicicletas Scott Speedster en Lisboa\" srcset=\"https:&#47;&#x2f;&#119;&#x77;&#119;&#x2e;&#114;&#x65;&#110;&#x74;&#114;&#x69;&#100;&#x65;&#114;&#x73;&#46;&#x70;&#116;&#x2f;&#119;&#x70;&#45;&#x63;&#111;&#x6e;t&#x65;n&#x74;\/&#x75;p&#x6c;o&#x61;d&#x73;\/&#x32;0&#x32;0&#x2f;0&#55;\/&#83;c&#111;&#x74;&#116;&#x2d;&#83;&#x70;&#101;&#x65;&#100;&#x73;&#116;&#x65;&#114;&#x40;&#45;&#x52;&#101;&#x6e;&#116;&#x52;&#105;&#x64;&#101;&#x72;&#115;&#x2e;P&#x74;-&#x42;i&#x6b;e&#x73;-&#x33;0&#x30;x&#x33;0&#x30;&#46;&#x61;v&#105;f 300w, https:&#x2f;&#47;&#119;&#x77;&#x77;&#46;&#114;&#x65;&#x6e;&#116;&#114;&#x69;&#x64;&#101;&#114;&#x73;&#x2e;&#112;&#116;&#x2f;&#x77;&#112;&#45;&#x63;&#x6f;&#110;&#116;&#x65;&#x6e;&#116;&#47;&#x75;&#x70;&#108;&#111;&#x61;&#x64;&#115;&#47;&#x32;&#x30;&#50;&#48;&#x2f;&#x30;&#55;&#47;&#x53;&#x63;&#111;&#116;&#x74;&#x2d;&#83;&#112;&#x65;&#x65;&#100;&#115;&#x74;&#x65;&#114;&#64;&#x2d;&#x52;&#101;&#110;&#x74;&#x52;&#105;&#100;&#x65;&#x72;&#115;&#46;&#x50;&#x74;&#45;&#66;&#x69;&#x6b;&#101;&#115;&#x2d;&#x31;&#48;&#48;&#x78;&#x31;&#48;&#48;&#x2e;&#x61;&#118;&#105;&#x66; 100w, https:\/&#47;&#x77;&#x77;w&#46;&#x72;&#x65;n&#116;&#114;&#x69;&#x64;e&#114;&#x73;&#x2e;p&#116;&#x2f;&#x77;p&#45;&#99;&#x6f;&#x6e;t&#101;&#x6e;&#x74;\/&#117;&#x70;&#x6c;o&#97;&#100;&#x73;&#x2f;2&#48;&#x32;&#x30;\/&#48;&#x37;&#x2f;S&#99;&#111;&#x74;&#x74;-&#83;&#x70;&#x65;e&#100;&#x73;&#x74;e&#114;&#64;&#x2d;&#x52;e&#110;&#x74;&#x52;i&#100;&#x65;&#x72;s&#46;&#80;&#x74;&#x2d;B&#105;&#x6b;&#x65;s&#45;&#49;&#x35;0x&#49;&#x35;&#x30;&#46;&#97;&#x76;&#x69;f 150w, https:&#47;&#47;&#x77;w&#119;&#x2e;&#x72;e&#110;&#x74;&#x72;i&#100;&#x65;&#x72;s&#46;&#x70;&#x74;\/&#119;&#x70;&#x2d;c&#111;&#x6e;t&#101;&#110;&#x74;\/&#117;&#x70;&#x6c;o&#97;&#x64;&#x73;\/&#50;&#x30;&#x32;0&#47;&#x30;&#x37;\/&#83;&#x63;&#x6f;&#116;&#116;&#x2d;S&#112;&#x65;&#x65;d&#115;&#x74;&#x65;r&#64;&#x2d;&#x52;e&#110;&#x74;&#x52;i&#100;&#x65;&#x72;s&#46;&#x50;t&#45;&#66;&#x69;k&#101;&#x73;&#x2d;5&#49;&#x30;&#x78;5&#49;&#x30;&#x2e;a&#118;&#x69;&#x66; 510w\" sizes=\"auto, (max-width: 300px) 100vw, 300px\" \/><h2 class=\"woocommerce-loop-product__title\">SCOTT &#8211; SPEEDSTER &#038; TREK &#8211; DOMANE AL 2<\/h2>\n\t<span class=\"price\">Max. <span class=\"woocommerce-Price-amount amount\"><bdi>32,50&nbsp;<span class=\"woocommerce-Price-currencySymbol\">&euro;<\/span><\/bdi><\/span> por 1 d\u00eda<\/span>\n<\/a><a href=\"https:\/\/www.rentriders.pt\/es\/produto\/scott-speedster\/\" rel=\"nofollow\" class=\"button\">Rent &amp; Ride<\/a>\t<span id=\"woocommerce_loop_add_to_cart_link_describedby_11426\" class=\"screen-reader-text\">\n\t\tEste producto tiene m\u00faltiples variantes. Las opciones se pueden elegir en la p\u00e1gina de producto\t<\/span>\n<\/li>\n<li class=\"czr-hentry product type-product post-11422 status-publish last instock product_cat-aluguer-de-bicicletas-electricas-cat-be has-post-thumbnail taxable shipping-taxable purchasable product-type-variable\">\n\t<a href=\"https:\/\/www.rentriders.pt\/es\/produto\/scott-e-sub-active\/\" class=\"woocommerce-LoopProduct-link woocommerce-loop-product__link\"><img loading=\"lazy\" decoding=\"async\" width=\"300\" height=\"300\" src=\"https:&#x2f;&#x2f;&#119;&#119;&#119;&#46;&#x72;&#x65;&#x6e;&#116;&#114;id&#x65;&#x72;&#x73;&#46;&#112;t&#x2f;&#x77;&#x70;&#45;&#99;&#111;n&#x74;&#x65;&#x6e;&#116;&#47;up&#x6c;&#x6f;&#x61;&#100;&#115;\/&#x32;&#x30;&#x32;&#48;&#47;&#48;7&#x2f;&#x53;&#x63;&#111;&#116;t-&#x65;&#x53;&#x75;&#98;&#45;A&#x63;&#x74;&#x69;&#118;&#101;&#45;&#64;&#x2d;&#x52;&#x65;&#110;&#116;Ri&#x64;&#x65;&#x72;&#115;&#46;P&#x74;&#x2d;&#x42;&#105;&#107;&#101;s&#x2d;&#x33;&#x30;&#48;&#120;30&#x30;&#x2e;&#x61;&#118;&#105;f\" class=\"attachment-woocommerce_thumbnail size-woocommerce_thumbnail\" alt=\"Alquiler de Bicicletas Scott Sub e-Active en Lisboa\" srcset=\"https:\/&#47;&#119;&#x77;&#x77;&#x2e;r&#101;&#110;&#x74;&#x72;&#x69;de&#114;&#x73;&#x2e;&#x70;t\/&#119;&#112;&#x2d;&#x63;&#x6f;n&#116;&#101;&#x6e;&#x74;&#x2f;u&#112;&#108;&#x6f;&#x61;&#x64;s\/&#50;&#x30;&#x32;&#x30;\/0&#55;&#47;&#x53;&#x63;&#x6f;t&#116;&#45;&#x65;&#x53;&#x75;b&#45;&#65;&#x63;&#x74;&#x69;ve&#45;&#x40;&#x2d;&#x52;en&#116;&#82;&#x69;&#x64;&#x65;r&#115;&#46;&#x50;&#x74;&#x2d;B&#105;&#107;&#x65;&#x73;&#x2d;30&#48;&#x78;&#x33;&#x30;0&#46;&#97;&#118;&#x69;&#x66; 300w, https:&#x2f;&#47;w&#x77;&#119;&#46;&#x72;&#101;n&#x74;&#114;i&#x64;&#101;r&#x73;&#46;p&#x74;&#47;w&#x70;&#45;c&#x6f;&#110;t&#x65;&#110;t&#x2f;&#117;p&#x6c;&#111;a&#x64;&#115;\/&#x32;&#48;2&#x30;&#47;0&#x37;&#47;S&#x63;&#111;t&#x74;&#45;e&#x53;&#117;b&#x2d;&#65;c&#x74;&#105;v&#x65;&#45;&#64;&#x2d;&#x52;e&#x6e;&#x74;R&#x69;&#x64;&#101;&#x72;&#x73;&#46;&#x50;&#x74;&#45;&#x42;&#x69;&#107;&#x65;&#x73;&#45;&#x31;&#x30;&#48;&#x78;&#x31;&#48;&#x30;&#x2e;&#97;&#x76;&#x69;&#102; 100w, https:&#x2f;\/&#x77;&#119;&#x77;&#x2e;r&#x65;&#110;&#x74;&#x72;i&#x64;&#101;&#x72;&#x73;&#46;&#x70;&#116;&#x2f;&#x77;p&#x2d;&#99;&#x6f;&#x6e;t&#x65;&#110;&#x74;&#x2f;u&#x70;&#108;&#x6f;&#x61;d&#x73;&#47;&#x32;&#x30;2&#x30;&#47;&#x30;&#x37;\/&#x53;&#99;&#x6f;&#x74;t&#x2d;&#101;&#x53;&#x75;b&#x2d;&#65;&#x63;&#x74;i&#x76;&#101;&#x2d;&#x40;-&#x52;&#101;&#x6e;&#x74;R&#x69;&#100;&#x65;&#x72;s&#x2e;&#80;&#x74;&#x2d;B&#x69;&#107;&#x65;&#x73;-&#x31;&#53;&#x30;&#x78;1&#x35;&#48;&#x2e;&#x61;v&#x69;&#102; 150w, https:&#47;\/&#x77;w&#x77;&#46;&#x72;&#101;&#x6e;&#116;r&#x69;d&#x65;&#114;&#x73;&#46;&#x70;&#116;&#x2f;&#119;p&#x2d;c&#x6f;&#110;&#x74;&#101;&#x6e;&#116;\/&#x75;p&#x6c;&#111;&#x61;&#100;&#x73;&#47;&#x32;&#48;2&#x30;\/&#x30;&#55;&#x2f;&#83;&#x63;&#111;t&#x74;-&#x65;&#83;&#x75;&#98;&#x2d;&#65;&#x63;&#116;i&#x76;e&#x2d;&#64;&#x2d;&#82;&#x65;&#110;t&#x52;i&#x64;&#101;&#x72;&#115;&#x2e;&#80;&#x74;&#45;B&#x69;k&#x65;&#115;&#x2d;&#53;&#x31;&#48;x&#x35;1&#x30;&#46;&#x61;&#118;&#x69;&#102; 510w\" sizes=\"auto, (max-width: 300px) 100vw, 300px\" \/><h2 class=\"woocommerce-loop-product__title\">SCOTT &#8211; SUB E-ACTIVE<\/h2>\n\t<span class=\"price\">Max. <span class=\"woocommerce-Price-amount amount\"><bdi>35,00&nbsp;<span class=\"woocommerce-Price-currencySymbol\">&euro;<\/span><\/bdi><\/span> por 1 d\u00eda<\/span>\n<\/a><a href=\"https:\/\/www.rentriders.pt\/es\/produto\/scott-e-sub-active\/\" rel=\"nofollow\" class=\"button\">Rent &amp; Ride<\/a>\t<span id=\"woocommerce_loop_add_to_cart_link_describedby_11422\" class=\"screen-reader-text\">\n\t\tEste producto tiene m\u00faltiples variantes. Las opciones se pueden elegir en la p\u00e1gina de producto\t<\/span>\n<\/li>\n<li class=\"czr-hentry product type-product post-12782 status-publish first instock product_cat-aluguer-de-bicicletas-electricas-cat-be1 has-post-thumbnail taxable shipping-taxable purchasable product-type-variable\">\n\t<a href=\"https:\/\/www.rentriders.pt\/es\/produto\/scott-sub-cross-e-ride\/\" class=\"woocommerce-LoopProduct-link woocommerce-loop-product__link\"><img loading=\"lazy\" decoding=\"async\" width=\"300\" height=\"300\" src=\"https:&#x2f;&#x2f;&#119;&#119;w&#46;&#x72;&#x65;&#x6e;&#116;ri&#x64;&#x65;&#x72;&#115;&#46;p&#x74;&#x2f;&#x77;&#112;&#45;c&#x6f;&#x6e;&#x74;&#101;&#110;t\/&#x75;&#x70;&#x6c;&#111;ad&#x73;&#x2f;&#x32;&#48;&#50;2&#x2f;&#x30;&#x36;&#47;&#83;c&#x6f;&#x74;&#x74;&#45;&#83;ub&#x2d;&#x43;&#x72;&#111;ss&#x2d;&#x65;&#x52;&#105;&#100;e&#x2d;&#x4d;&#x61;&#110;&#45;&#64;&#x2d;&#x52;&#x65;&#110;&#116;Ri&#x64;&#x65;&#x72;&#115;&#46;P&#x74;&#x2d;&#x42;&#105;&#107;e&#x73;&#x2d;&#x33;&#48;&#48;x&#x33;&#x30;&#x30;&#46;&#97;vi&#x66;\" class=\"attachment-woocommerce_thumbnail size-woocommerce_thumbnail\" alt=\"Alquiler de Bicicletas Electricas Scott Sub Cross e-Ride en Lisboa\" srcset=\"https:&#x2f;&#47;w&#x77;&#x77;&#46;r&#x65;&#x6e;&#116;r&#x69;&#x64;&#101;r&#x73;&#x2e;&#112;t&#x2f;&#119;&#112;-&#x63;&#111;n&#x74;&#x65;&#110;t&#x2f;&#x75;&#112;l&#x6f;&#x61;&#100;s&#x2f;&#x32;&#48;2&#x32;&#x2f;&#48;6&#x2f;&#83;&#99;&#x6f;&#x74;&#116;-&#x53;&#x75;&#98;-&#x43;&#x72;&#111;s&#x73;&#x2d;&#101;R&#x69;&#x64;&#101;-&#x4d;&#97;&#110;-&#x40;&#45;R&#x65;&#x6e;&#116;R&#x69;&#x64;&#101;r&#x73;&#x2e;&#80;t&#x2d;&#x42;&#105;k&#x65;&#x73;&#45;3&#x30;&#48;&#120;&#x33;&#x30;&#48;&#46;&#x61;&#x76;&#105;f 300w, https:&#47;&#x2f;w&#119;&#x77;&#46;&#x72;&#x65;&#110;&#x74;r&#105;&#x64;e&#114;&#x73;&#46;&#x70;t&#47;&#x77;p&#45;&#x63;&#111;&#x6e;&#x74;&#101;&#x6e;t&#47;&#x75;p&#x6c;&#x6f;&#97;&#x64;s&#47;&#x32;0&#50;&#x32;&#47;&#x30;6&#47;&#x53;c&#111;&#x74;t&#x2d;&#x53;&#117;&#x62;-&#67;&#x72;o&#x73;&#x73;&#45;&#x65;R&#105;&#x64;e&#45;&#x4d;&#97;&#x6e;-&#64;&#x2d;R&#101;&#x6e;t&#x52;&#x69;&#100;&#x65;r&#115;&#x2e;P&#x74;&#x2d;&#66;&#x69;k&#101;&#x73;-&#49;&#x30;&#48;&#x78;&#x31;&#48;&#x30;&#46;&#97;&#x76;i&#x66; 100w, https:&#x2f;&#x2f;&#x77;&#x77;&#x77;&#x2e;&#x72;&#x65;&#110;&#116;&#114;&#105;&#100;&#101;&#114;s&#46;pt&#x2f;&#x77;&#x70;&#x2d;&#x63;&#x6f;&#x6e;&#x74;&#x65;&#110;&#116;&#47;&#117;&#112;&#108;&#111;ads\/&#x32;&#x30;&#x32;&#x32;&#x2f;&#x30;&#x36;&#x2f;&#x53;&#99;&#111;&#116;&#116;&#45;&#83;&#117;b-Cr&#x6f;&#x73;&#x73;&#x2d;&#x65;&#x52;&#x69;&#x64;&#x65;&#45;&#77;&#97;&#110;&#45;&#64;&#45;Rent&#x52;&#x69;&#x64;&#x65;&#x72;&#x73;&#x2e;&#x50;&#x74;&#45;&#66;&#105;&#107;&#101;&#115;&#45;150x&#x31;&#x35;&#x30;&#x2e;&#x61;&#x76;&#x69;&#x66; 150w, https:&#47;\/&#x77;w&#x77;&#46;&#x72;e&#x6e;t&#x72;i&#x64;&#101;&#x72;&#115;&#x2e;&#112;&#x74;&#47;&#x77;&#112;&#x2d;&#99;&#x6f;&#110;t&#x65;n&#x74;\/&#x75;p&#x6c;o&#x61;d&#x73;&#47;&#x32;&#48;&#x32;&#50;&#x2f;&#48;&#x36;&#47;&#x53;&#99;&#x6f;&#116;t&#x2d;S&#x75;b&#x2d;C&#x72;o&#x73;s&#x2d;&#101;&#x52;&#105;&#x64;&#101;&#x2d;&#77;&#x61;&#110;&#x2d;&#64;&#x2d;&#82;e&#x6e;t&#x52;i&#x64;e&#x72;s&#x2e;P&#x74;&#45;&#x42;&#105;&#x6b;&#101;&#x73;&#45;&#x35;&#49;&#x30;&#120;&#x35;&#49;0&#x2e;a&#x76;i&#x66; 510w\" sizes=\"auto, (max-width: 300px) 100vw, 300px\" \/><h2 class=\"woocommerce-loop-product__title\">SCOTT &#8211; SUB CROSS E-RIDE<\/h2>\n\t<span class=\"price\">Max. <span class=\"woocommerce-Price-amount amount\"><bdi>38,50&nbsp;<span class=\"woocommerce-Price-currencySymbol\">&euro;<\/span><\/bdi><\/span> por 1 d\u00eda<\/span>\n<\/a><a href=\"https:\/\/www.rentriders.pt\/es\/produto\/scott-sub-cross-e-ride\/\" rel=\"nofollow\" class=\"button\">Rent &amp; Ride<\/a>\t<span id=\"woocommerce_loop_add_to_cart_link_describedby_12782\" class=\"screen-reader-text\">\n\t\tEste producto tiene m\u00faltiples variantes. Las opciones se pueden elegir en la p\u00e1gina de producto\t<\/span>\n<\/li>\n<\/ul>\n<\/div><\/p>\n<h3 style=\"text-align: center;\">\u00a1Alquile una bibicleta en Lisboa @ RentRiders<sup>\u00ae<\/sup> y visite nuestra magn\u00edfica ciudad de forma ecol\u00f3gica y saludable.<\/h3>\n<p style=\"text-align: center;\"><strong><span style=\"text-decoration: underline;\">Experiencia en la conducci\u00f3n de bicicletas se requiere para su seguridad y para la seguridad de terceros.<\/span><\/strong><\/p>\n<p style=\"text-align: justify;\"><strong><em>* El descuento del 15% est\u00e1 incluido, ya est\u00e1 descontado, en el precio final mostrado. <span style=\"text-decoration: underline;\">Los precios mostrados en el mostrador de la agencia pueden diferir en m\u00e1s de un 15% respecto a los precios aqu\u00ed mostrados.<\/span><\/em><\/strong><\/p>\n<hr \/>\n<h4 style=\"text-align: center;\">@ Rent Riders<sup>\u00ae <\/sup>ofrecemos alquiler de bicicletas de ciudad, carretera, monta\u00f1a y el\u00e9ctricas&#8230; \u00a1T\u00fa eliges!<\/h4>\n<p style=\"text-align: justify;\">Alquiler de bicicletas y bicicletas est\u00e1 en RentRiders<sup>\u00ae<\/sup> . \u00a1 Visita Lisboa sobre dos ruedas, con total libertad y de forma ecol\u00f3gica !<\/p>\n<p style=\"text-align: justify;\">RentRiders<sup>\u00ae<\/sup> es su agencia de alquiler de bicicletas y e-bikes premium en Lisboa .<\/p>\n<p style=\"text-align: justify;\">Empresa portuguesa de primer nivel, fundada en 2016, estamos en una zona central de Lisboa, cerca de Marqu\u00eas de Pombal y la Plaza Saldanha. Conoce todos los rincones de Lisboa de forma pr\u00e1ctica y respetuosa con el medio ambiente con nuestros alquileres de bicicletas.<\/p>\n<p style=\"text-align: justify;\">\u00a1Los modelos de bicicletas RentRiders<sup>\u00ae<\/sup> de la marca Scott son pr\u00e1cticos, c\u00f3modos y confiables !<\/p>\n<p style=\"text-align: justify;\">La forma ideal de descubrir Lisboa, pedaleando. Sin estr\u00e9s, sin molestias. Alquile una bicicleta y d\u00e9jese llevar por la hermosa ciudad de Lisboa. Lisboa est\u00e1 llena de monumentos y hermosos paisajes. Disfruta visitando todos estos lugares en un transporte muy pr\u00e1ctico, econ\u00f3mico y ecol\u00f3gico.<\/p>\n<p style=\"text-align: justify;\">Y seguro que despu\u00e9s de descubrir los encantos de Lisboa pedaleando tendr\u00e1s un enorme apetito por degustar las deliciosas delicias culinarias que Lisboa tiene para ofrecer.<\/p>\n<h4 style=\"text-align: center;\">Alquila una bicicleta en RentRiders<sup>\u00ae<\/sup> y d\u00e9jese perderse en la bella ciudad de Lisboa.<\/h4>\n<p style=\"text-align: justify;\">Lisboa est\u00e1 llena de monumentos y bellos paisajes . Disfrutar de la visita de todos estos sitios de un medio de transporte pr\u00e1ctico, econ\u00f3mico y ecol\u00f3gico . Y, por supuesto , despu\u00e9s de descubrir el encanto de Lisboa de pedaleo tendr\u00e1 un renovado apetito para degustar los deliciosos placeres culinarios que Lisboa tiene para ofrecer .<\/p>\n<h5 style=\"text-align: center;\">En RentRiders<sup>\u00ae<\/sup> puede alquilar las bicicletas m\u00e1s exclusivas de la marca Scott. Los modelos de bicicletas son; Scott Sub Comfort , Scott Aspect , Scott Speedster o Scott E-Sub Active e Sub Cross E-Ride. La elecci\u00f3n es suya !<\/h5>\n<h6 style=\"text-align: center;\">RENTRIDERS<sup>\u00ae<\/sup> | RENT-A-RIDE<\/h6>\n<p><\/p>","protected":false},"excerpt":{"rendered":"<p>RentRiders\u00ae &#8211; Alquiler de Bicicletas &#038; Bicicletas El\u00e9ctricas en Lisboa . \u00a1 Alquila una Bicicleta y visita nuestra ciudad con total libertad de forma ecol\u00f3gica !<\/p>\n","protected":false},"author":1,"featured_media":16688,"parent":0,"menu_order":60,"comment_status":"closed","ping_status":"closed","template":"","meta":{"iawp_total_views":2844,"footnotes":""},"class_list":["post-89","page","type-page","status-publish","has-post-thumbnail","czr-hentry"],"_links":{"self":[{"href":"https:\/\/www.rentriders.pt\/es\/wp-json\/wp\/v2\/pages\/89","targetHints":{"allow":["GET"]}}],"collection":[{"href":"https:\/\/www.rentriders.pt\/es\/wp-json\/wp\/v2\/pages"}],"about":[{"href":"https:\/\/www.rentriders.pt\/es\/wp-json\/wp\/v2\/types\/page"}],"author":[{"embeddable":true,"href":"https:\/\/www.rentriders.pt\/es\/wp-json\/wp\/v2\/users\/1"}],"replies":[{"embeddable":true,"href":"https:\/\/www.rentriders.pt\/es\/wp-json\/wp\/v2\/comments?post=89"}],"version-history":[{"count":20,"href":"https:\/\/www.rentriders.pt\/es\/wp-json\/wp\/v2\/pages\/89\/revisions"}],"predecessor-version":[{"id":16874,"href":"https:\/\/www.rentriders.pt\/es\/wp-json\/wp\/v2\/pages\/89\/revisions\/16874"}],"wp:featuredmedia":[{"embeddable":true,"href":"https:\/\/www.rentriders.pt\/es\/wp-json\/wp\/v2\/media\/16688"}],"wp:attachment":[{"href":"https:\/\/www.rentriders.pt\/es\/wp-json\/wp\/v2\/media?parent=89"}],"curies":[{"name":"wp","href":"https:\/\/api.w.org\/{rel}","templated":true}]}}