{"id":77,"date":"2016-03-20T13:46:16","date_gmt":"2016-03-20T13:46:16","guid":{"rendered":"http:\/\/www.rentriders.pt\/?page_id=77"},"modified":"2025-08-28T09:19:52","modified_gmt":"2025-08-28T09:19:52","slug":"motos-scooters-rentals","status":"publish","type":"page","link":"https:\/\/www.rentriders.pt\/es\/alquiler-scooters-motos-lisboa\/","title":{"rendered":"Alquiler de Scooters &#038; Motocicletas en Lisboa"},"content":{"rendered":"<p><\/p>\n<h2 style=\"text-align: center;\"><strong>Alquila ya tu scooter o moto en Lisboa @ RentRiders<sup>\u00ae\u00a0<\/sup><\/strong><\/h2>\n<p style=\"text-align: center;\"><strong>Reserva online y benef\u00edciate de un 15% de descuento*<\/strong> en todas las categor\u00edas de alquiler de scooters, maxi-scooters, motos y bicicletas. <strong>\u00a1Cuanto m\u00e1s d\u00edas alquiles menos pagar\u00e1s por d\u00eda!<\/strong>\u00a0\ud83d\ude42<\/p>\n<p style=\"text-align: center;\"><span style=\"color: #339966;\"><strong>\u21d2 <span style=\"text-decoration: underline;\">Los precios y descuentos mostrados son exclusivamente para reservas realizadas online.<\/span> \u21d0<\/strong><\/span><\/p>\n<p style=\"text-align: center;\">Paga solo el 20% del importe total del alquiler ahora y el resto en el Check-in.<\/p>\n<p style=\"text-align: center;\">\u00a1 Rent-a-Ride en Lisboa @ RentRiders<sup>\u00ae<\/sup> \ud83d\ude42<strong>\u00a0<\/strong><\/p>\n<p style=\"text-align: center;\"><div class=\"woocommerce columns-4 \"><ul class=\"products columns-4\">\n<li class=\"czr-hentry product type-product post-10970 status-publish first instock product_cat-aluguer-de-scooters-50cc-cat-a has-post-thumbnail sold-individually taxable shipping-taxable purchasable product-type-simple\">\n\t<a href=\"https:\/\/www.rentriders.pt\/es\/produto\/sym-orbit-iii-50cc\/\" class=\"woocommerce-LoopProduct-link woocommerce-loop-product__link\"><img loading=\"lazy\" decoding=\"async\" width=\"300\" height=\"300\" src=\"https:\/&#47;&#x77;&#x77;&#x77;&#46;&#114;&#x65;&#x6e;&#x74;r&#105;&#x64;&#x65;&#x72;s&#46;&#x70;&#x74;&#x2f;w&#112;&#x2d;&#x63;&#x6f;n&#116;&#x65;&#x6e;&#x74;\/&#117;&#x70;&#x6c;&#x6f;a&#100;&#x73;&#x2f;&#x32;0&#50;&#x33;&#x2f;&#x30;7&#47;&#x53;&#x79;&#x6d;-&#79;&#x72;&#x62;&#x69;t&#45;&#x35;&#x30;&#x63;c&#45;&#x40;&#x2d;&#x52;e&#110;&#x74;&#x52;&#x69;d&#101;&#x72;&#x73;&#x2e;P&#116;_-300x300.avif\" class=\"attachment-woocommerce_thumbnail size-woocommerce_thumbnail\" alt=\"Alquiler de Scooters en Lisboa Sym Orbit III 50i\" srcset=\"https:\/&#47;&#x77;&#x77;w&#46;&#114;&#x65;&#x6e;t&#114;&#105;&#x64;&#x65;r&#115;&#x2e;&#x70;&#x74;\/&#119;&#x70;&#x2d;c&#111;&#110;&#x74;&#x65;n&#116;&#47;&#x75;&#x70;l&#111;&#x61;&#x64;&#x73;\/&#50;&#x30;&#x32;3\/&#48;&#x37;&#x2f;S&#121;&#109;&#x2d;&#x4f;r&#98;&#105;&#x74;&#x2d;5&#48;&#x63;&#x63;-&#64;&#45;&#x52;&#x65;n&#116;&#82;&#x69;&#x64;e&#114;&#115;&#x2e;&#x50;t_-300x300.avif 300w, https:&#47;&#x2f;w&#119;&#x77;&#46;&#x72;e&#110;&#x74;r&#x69;&#x64;&#101;&#x72;s&#46;&#x70;t&#x2f;&#x77;&#112;&#x2d;c&#111;&#x6e;&#116;&#x65;n&#116;&#x2f;u&#112;&#x6c;&#111;&#x61;d&#115;&#x2f;2&#x30;&#x32;&#51;&#x2f;0&#55;&#x2f;S&#x79;&#x6d;&#45;&#x4f;r&#98;&#x69;&#116;&#x2d;5&#48;&#x63;c&#x2d;&#x40;&#45;&#x52;e&#110;&#x74;R&#x69;&#x64;&#101;&#x72;s&#46;&#x50;&#116;_-100x100.avif 100w, https:&#47;&#x2f;w&#119;&#x77;&#46;&#114;&#x65;n&#116;&#x72;i&#100;&#x65;&#114;&#x73;&#x2e;&#112;&#x74;&#x2f;&#119;&#x70;-&#99;&#x6f;n&#116;&#x65;n&#116;&#x2f;u&#112;&#x6c;&#111;&#x61;&#x64;&#115;&#x2f;&#x32;&#48;&#x32;3&#47;&#x30;7&#47;&#x53;y&#109;&#x2d;O&#114;&#x62;&#105;&#x74;&#x2d;&#53;&#x30;&#x63;&#99;&#x2d;&#64;&#45;&#x52;e&#110;&#x74;R&#105;&#x64;e&#114;&#x73;&#46;&#x50;&#x74;_-150x150.avif 150w, https:&#x2f;&#x2f;&#x77;&#x77;&#x77;&#x2e;&#114;&#101;&#110;&#116;ride&#x72;&#x73;&#x2e;&#x70;&#x74;&#x2f;&#119;&#112;&#45;&#99;&#111;nte&#x6e;&#x74;&#x2f;&#x75;&#x70;&#x6c;&#111;&#97;&#100;&#115;&#47;202&#x33;&#x2f;&#x30;&#x37;&#x2f;&#x53;&#x79;&#109;&#45;&#79;&#114;bit-&#x35;&#x30;&#x63;&#x63;&#x2d;&#x40;&#45;&#82;&#101;&#110;tRid&#x65;&#x72;&#x73;&#x2e;&#x50;&#x74;_-510x510.avif 510w\" sizes=\"auto, (max-width: 300px) 100vw, 300px\" \/><h2 class=\"woocommerce-loop-product__title\">SYM \u2013 ORBIT III 50<\/h2>\n\t<span class=\"price\">Max. <span class=\"woocommerce-Price-amount amount\"><bdi>38,50&nbsp;<span class=\"woocommerce-Price-currencySymbol\" translate=\"no\">&euro;<\/span><\/bdi><\/span> por 1 d\u00eda<\/span>\n<\/a><a href=\"https:\/\/www.rentriders.pt\/es\/produto\/sym-orbit-iii-50cc\/\" rel=\"nofollow\" class=\"button\">Rent &amp; Ride<\/a>\t<span id=\"woocommerce_loop_add_to_cart_link_describedby_10970\" class=\"screen-reader-text\">\n\t\t\t<\/span>\n<\/li>\n<li class=\"czr-hentry product type-product post-10979 status-publish instock product_cat-aluguer-de-scooters-110cc-cat-b has-post-thumbnail sold-individually taxable shipping-taxable purchasable product-type-simple\">\n\t<a href=\"https:\/\/www.rentriders.pt\/es\/produto\/honda-vision-110cc\/\" class=\"woocommerce-LoopProduct-link woocommerce-loop-product__link\"><img loading=\"lazy\" decoding=\"async\" width=\"300\" height=\"300\" src=\"https:&#47;&#47;&#x77;&#x77;&#119;&#46;&#x72;&#x65;&#110;&#116;&#x72;&#x69;&#100;&#101;&#x72;&#x73;&#46;&#112;&#x74;&#x2f;&#119;&#112;&#x2d;&#x63;&#111;&#110;&#x74;&#x65;&#110;&#116;&#x2f;&#x75;&#112;&#108;&#x6f;&#x61;&#100;&#115;&#x2f;&#x32;&#48;&#50;&#x33;&#x2f;&#48;&#55;&#x2f;&#x48;&#111;&#110;&#x64;&#x61;&#45;&#86;&#x69;&#x73;&#105;&#111;&#x6e;&#x2d;&#49;&#49;&#x30;&#x63;&#99;&#45;&#x40;&#x2d;&#82;&#101;&#x6e;&#x74;&#82;&#105;&#x64;&#x65;&#114;&#115;&#x2e;&#x50;&#116;_-300x300.avif\" class=\"attachment-woocommerce_thumbnail size-woocommerce_thumbnail\" alt=\"Alquiler de Scooter Honda Vision 110CC CBS en Lisboa @ Rentriders.Pt\" srcset=\"https:\/&#47;&#x77;&#x77;&#x77;&#46;&#114;&#101;&#x6e;&#x74;r&#105;&#100;&#x65;&#x72;s&#46;&#112;&#x74;&#x2f;&#x77;p&#45;&#x63;&#x6f;&#x6e;t&#101;&#110;&#x74;&#x2f;u&#112;&#108;&#x6f;&#x61;ds&#47;&#x32;&#x30;&#x32;3&#47;&#48;&#x37;&#x2f;H&#111;&#110;&#x64;&#x61;-&#86;&#105;&#x73;&#x69;on&#45;&#x31;&#x31;&#x30;c&#99;&#45;&#x40;&#x2d;R&#101;&#110;&#x74;&#x52;i&#100;&#101;&#x72;&#x73;&#46;P&#116;_-300x300.avif 300w, https:\/&#47;&#119;&#x77;&#x77;&#46;r&#101;&#110;&#x74;&#x72;id&#101;&#114;&#x73;&#x2e;pt&#47;&#x77;&#x70;&#x2d;c&#111;&#110;&#x74;&#x65;&#x6e;t&#47;&#117;&#x70;&#x6c;&#x6f;a&#100;&#115;&#x2f;&#x32;&#x30;2&#51;&#47;&#x30;&#x37;&#x2f;H&#111;&#110;&#x64;&#x61;-V&#105;&#115;&#x69;&#x6f;n-&#49;&#49;&#x30;&#x63;c-&#64;&#x2d;&#x52;&#x65;nt&#82;&#x69;&#x64;&#x65;r&#115;&#46;&#x50;&#x74;_-100x100.avif 100w, https:&#x2f;\/&#x77;&#119;&#x77;&#46;r&#x65;n&#x74;&#114;&#x69;&#100;e&#x72;&#115;&#x2e;&#112;t&#x2f;w&#x70;&#45;&#x63;&#111;n&#x74;e&#x6e;&#116;&#x2f;&#x75;p&#x6c;&#111;&#x61;&#100;s&#x2f;2&#x30;&#50;&#x33;&#47;0&#x37;&#47;&#x48;&#111;&#x6e;&#x64;a&#x2d;&#86;&#x69;&#115;i&#x6f;n&#x2d;&#49;&#x31;&#48;c&#x63;&#45;&#x40;&#45;R&#x65;n&#x74;&#82;&#x69;&#100;e&#x72;s&#x2e;&#80;&#x74;_-150x150.avif 150w, https:&#x2f;&#47;w&#x77;&#119;&#46;&#x72;&#x65;&#110;t&#x72;&#105;d&#x65;&#x72;&#115;&#46;&#x70;&#116;\/&#x77;&#x70;&#45;c&#x6f;&#110;t&#x65;&#x6e;&#116;\/&#x75;&#112;l&#x6f;&#x61;&#100;&#x73;&#x2f;&#50;0&#x32;&#51;\/&#x30;&#x37;&#47;H&#x6f;&#110;d&#x61;&#x2d;&#86;i&#x73;&#105;o&#x6e;&#x2d;&#49;1&#x30;&#99;c&#x2d;&#x40;&#45;&#x52;&#x65;&#110;t&#x52;&#105;&#100;&#x65;&#x72;&#115;&#46;&#x50;&#116;_-510x510.avif 510w\" sizes=\"auto, (max-width: 300px) 100vw, 300px\" \/><h2 class=\"woocommerce-loop-product__title\">HONDA \u2013 VISION 110<\/h2>\n\t<span class=\"price\">Max. <span class=\"woocommerce-Price-amount amount\"><bdi>38,50&nbsp;<span class=\"woocommerce-Price-currencySymbol\" translate=\"no\">&euro;<\/span><\/bdi><\/span> por 1 d\u00eda<\/span>\n<\/a><a href=\"https:\/\/www.rentriders.pt\/es\/produto\/honda-vision-110cc\/\" rel=\"nofollow\" class=\"button\">Rent &amp; Ride<\/a>\t<span id=\"woocommerce_loop_add_to_cart_link_describedby_10979\" class=\"screen-reader-text\">\n\t\t\t<\/span>\n<\/li>\n<li class=\"czr-hentry product type-product post-10980 status-publish instock product_cat-aluguer-de-scooters-125cc-cat-c has-post-thumbnail sale sold-individually taxable shipping-taxable purchasable product-type-simple\">\n\t<a href=\"https:\/\/www.rentriders.pt\/es\/produto\/honda-sh-mode-125cc-2-2\/\" class=\"woocommerce-LoopProduct-link woocommerce-loop-product__link\">\n\t<span class=\"onsale\">\u00a1Oferta!<\/span>\n\t<img loading=\"lazy\" decoding=\"async\" width=\"300\" height=\"300\" src=\"https:&#47;&#x2f;&#119;&#x77;w&#46;&#x72;&#101;&#x6e;t&#x72;i&#100;&#x65;&#114;&#x73;&#46;&#x70;&#x74;&#47;&#x77;p&#x2d;c&#111;&#x6e;&#116;&#x65;n&#x74;\/&#117;&#x70;&#108;&#x6f;a&#100;&#x73;&#47;&#x32;0&#x32;3&#47;&#x30;&#55;&#x2f;H&#x6f;&#x6e;&#100;&#x61;&#45;&#x53;H&#45;&#x31;&#50;&#x35;-&#x54;o&#112;&#x2d;&#67;&#x61;s&#x65;&#x2e;&#45;&#x40;-&#x52;e&#110;&#x74;&#82;&#x69;d&#x65;r&#115;&#x2e;&#80;&#x74;j&#112;&#x67;_-300x300.avif\" class=\"attachment-woocommerce_thumbnail size-woocommerce_thumbnail\" alt=\"Alquile una Scooter Honda SHi 125cc y descubre Lisboa\" srcset=\"https:&#47;&#x2f;w&#119;&#x77;&#46;&#114;&#x65;n&#x74;&#x72;&#105;&#x64;e&#114;&#x73;&#46;&#112;&#x74;\/&#x77;&#x70;&#45;&#x63;&#x6f;&#110;&#x74;e&#110;&#x74;\/&#117;&#x70;l&#x6f;&#x61;&#100;&#x73;\/&#50;&#x30;2&#51;&#x2f;0&#x37;&#x2f;&#72;&#x6f;&#x6e;&#100;&#x61;-&#83;&#x48;-&#49;&#x32;5&#x2d;&#x54;&#111;&#x70;-&#67;&#x61;s&#101;&#x2e;-&#x40;&#x2d;&#82;&#x65;&#x6e;&#116;&#x52;i&#100;&#x65;r&#115;&#x2e;P&#x74;&#x6a;&#112;&#x67;_-300x300.avif 300w, https:&#x2f;&#x2f;&#x77;&#x77;&#119;&#46;&#114;&#101;ntr&#x69;&#x64;&#x65;&#x72;&#x73;&#46;&#112;&#116;\/wp&#x2d;&#x63;&#x6f;&#x6e;&#x74;&#101;&#110;&#116;\/up&#x6c;&#x6f;&#x61;&#x64;&#x73;&#47;&#50;&#48;23\/&#x30;&#x37;&#x2f;&#x48;&#x6f;&#110;&#100;&#97;-SH&#x2d;&#x31;&#x32;&#x35;&#x2d;&#84;&#111;&#112;-Ca&#x73;&#x65;&#x2e;&#x2d;&#x40;&#45;&#82;&#101;&#110;tR&#x69;&#x64;&#x65;&#x72;&#x73;&#46;&#80;&#116;&#106;pg_-100x100.avif 100w, https:\/\/&#119;&#119;&#119;&#46;&#x72;&#x65;&#x6e;&#x74;&#x72;id&#101;&#114;&#115;&#46;&#x70;&#x74;&#x2f;&#x77;&#x70;-c&#111;&#110;&#116;&#101;&#x6e;&#x74;&#x2f;&#x75;&#x70;loa&#100;&#115;&#47;&#x32;&#x30;&#x32;&#x33;&#x2f;07\/&#72;&#111;&#110;&#x64;&#x61;&#x2d;&#x53;&#x48;-12&#53;&#45;&#84;&#x6f;&#x70;&#x2d;&#x43;&#x61;se&#46;&#45;&#64;&#45;&#x52;&#x65;&#x6e;&#x74;&#x52;ide&#114;&#115;&#46;&#x50;&#x74;&#x6a;&#x70;&#x67;_-150x150.avif 150w, https:&#47;&#x2f;&#x77;w&#119;&#x2e;r&#101;&#x6e;t&#114;&#x69;d&#101;&#x72;&#x73;&#46;&#x70;&#x74;\/&#119;&#x70;-&#99;&#x6f;n&#116;&#x65;&#x6e;&#116;&#x2f;&#x75;p&#108;&#x6f;a&#100;&#x73;\/&#50;&#x30;2&#51;&#x2f;&#x30;&#55;&#x2f;&#x48;o&#110;&#x64;a&#45;&#x53;H&#45;&#x31;&#x32;&#53;&#x2d;&#x54;o&#112;&#x2d;C&#97;&#x73;e&#46;&#x2d;&#64;&#45;&#x52;&#x65;&#110;&#x74;&#x52;i&#100;&#x65;r&#115;&#x2e;P&#116;&#x6a;&#x70;&#103;_-510x510.avif 510w\" sizes=\"auto, (max-width: 300px) 100vw, 300px\" \/><h2 class=\"woocommerce-loop-product__title\">HONDA &#8211; SH MODE 125<\/h2>\n\t<span class=\"price\">Max. <span class=\"woocommerce-Price-amount amount\"><bdi>42,50&nbsp;<span class=\"woocommerce-Price-currencySymbol\" translate=\"no\">&euro;<\/span><\/bdi><\/span> por 1 d\u00eda<\/span>\n<\/a><a href=\"https:\/\/www.rentriders.pt\/es\/produto\/honda-sh-mode-125cc-2-2\/\" rel=\"nofollow\" class=\"button\">Rent &amp; Ride<\/a>\t<span id=\"woocommerce_loop_add_to_cart_link_describedby_10980\" class=\"screen-reader-text\">\n\t\t\t<\/span>\n<\/li>\n<li class=\"czr-hentry product type-product post-10982 status-publish last instock product_cat-aluguer-de-scooters-125cc-cat-c1 has-post-thumbnail sold-individually taxable shipping-taxable purchasable product-type-simple\">\n\t<a href=\"https:\/\/www.rentriders.pt\/es\/produto\/honda-shi-125cc\/\" class=\"woocommerce-LoopProduct-link woocommerce-loop-product__link\"><img loading=\"lazy\" decoding=\"async\" width=\"300\" height=\"300\" src=\"https:\/&#47;&#119;&#x77;&#x77;&#x2e;r&#101;&#110;&#x74;&#x72;&#x69;de&#114;&#x73;&#x2e;&#x70;t\/&#119;&#112;&#x2d;&#x63;&#x6f;n&#116;&#101;&#x6e;&#x74;&#x2f;u&#112;&#108;&#x6f;&#x61;&#x64;s\/&#50;&#x30;&#x32;&#x33;\/0&#55;&#47;&#x48;&#x6f;&#x6e;d&#97;&#45;&#x53;&#x48;&#x31;2&#53;&#105;&#x2d;&#x5f;&#x2d;Sc&#111;&#x6f;&#x74;&#x65;r-&#100;&#101;&#x2d;&#x31;&#x32;5&#99;&#99;&#x2d;&#x40;&#x2d;R&#101;&#110;&#x74;&#x52;&#x69;de&#114;&#x73;&#x2e;&#x50;t_-300x300.avif\" class=\"attachment-woocommerce_thumbnail size-woocommerce_thumbnail\" alt=\"Alquile una Scooter Executiva Honda SHi 125cc y descubre Lisboa\" srcset=\"https:&#x2f;&#x2f;&#x77;&#x77;&#x77;&#x2e;&#x72;&#x65;&#x6e;&#x74;&#x72;&#x69;&#x64;&#x65;&#114;&#115;&#46;&#112;&#116;&#47;&#119;&#112;&#45;&#99;&#111;ntent\/up&#x6c;&#x6f;&#x61;&#x64;&#x73;&#x2f;&#x32;&#x30;&#x32;&#x33;&#x2f;&#x30;&#x37;&#x2f;&#x48;&#111;&#110;&#100;&#97;&#45;&#83;&#72;&#49;&#50;&#53;i-_-Scoo&#x74;&#x65;&#x72;&#x2d;&#x64;&#x65;&#x2d;&#x31;&#x32;&#x35;&#x63;&#x63;&#x2d;&#x40;&#x2d;&#82;&#101;&#110;&#116;&#82;&#105;&#100;&#101;&#114;&#115;&#46;Pt_-300x300.avif 300w, https:&#x2f;\/&#x77;&#119;&#x77;&#x2e;r&#x65;&#110;&#x74;&#x72;i&#x64;&#101;&#x72;&#x73;&#46;&#x70;&#116;&#x2f;&#x77;p&#x2d;&#99;&#x6f;&#x6e;t&#x65;&#110;&#x74;&#x2f;u&#x70;&#108;&#x6f;&#x61;d&#x73;&#47;&#x32;&#x30;2&#x33;&#47;&#x30;&#x37;\/&#x48;&#111;&#x6e;&#x64;a&#x2d;&#83;&#x48;&#x31;2&#x35;&#105;&#x2d;&#x5f;-&#x53;&#99;&#x6f;&#x6f;t&#x65;&#114;&#x2d;&#x64;e&#x2d;&#49;&#x32;&#x35;c&#x63;&#45;&#x40;&#x2d;R&#x65;&#110;&#x74;&#x52;i&#x64;&#101;&#x72;&#x73;&#46;&#x50;&#116;_-100x100.avif 100w, https:&#x2f;&#47;w&#x77;&#119;&#46;&#x72;&#101;n&#x74;&#x72;&#105;&#x64;&#x65;&#114;s&#x2e;&#112;t&#x2f;&#119;p&#x2d;&#x63;&#111;&#x6e;&#x74;&#101;n&#x74;&#47;u&#x70;&#108;o&#x61;&#100;s&#x2f;&#x32;&#48;&#x32;&#x33;&#47;0&#x37;&#47;H&#x6f;&#110;d&#x61;&#x2d;&#83;&#x48;&#x31;&#50;5&#x69;&#45;_&#x2d;&#83;c&#x6f;&#111;t&#x65;&#x72;&#45;&#x64;&#x65;&#45;1&#x32;&#53;c&#x63;&#45;&#64;&#x2d;&#x52;&#101;&#x6e;&#x74;&#82;i&#x64;&#101;r&#x73;&#46;P&#x74;_-150x150.avif 150w, https:&#47;&#x2f;&#x77;w&#119;&#x2e;r&#101;&#x6e;&#x74;r&#105;&#x64;e&#114;&#x73;&#x2e;p&#116;&#x2f;w&#112;&#x2d;&#x63;&#111;&#110;&#x74;e&#110;&#x74;&#x2f;&#117;&#x70;&#x6c;o&#97;&#x64;s&#47;&#x32;&#x30;2&#51;&#x2f;0&#55;&#x2f;&#x48;o&#110;&#x64;a&#45;&#x53;&#x48;1&#50;&#x35;i&#45;&#x5f;&#x2d;&#83;&#x63;&#x6f;o&#116;&#x65;r&#45;&#x64;&#x65;-&#49;&#x32;5&#99;&#x63;&#x2d;&#64;&#45;&#x52;e&#110;&#x74;&#x52;i&#100;&#x65;r&#115;&#x2e;&#x50;&#116;_-510x510.avif 510w\" sizes=\"auto, (max-width: 300px) 100vw, 300px\" \/><h2 class=\"woocommerce-loop-product__title\">HONDA &#8211; SHi 125<\/h2>\n\t<span class=\"price\">Max. <span class=\"woocommerce-Price-amount amount\"><bdi>48,50&nbsp;<span class=\"woocommerce-Price-currencySymbol\" translate=\"no\">&euro;<\/span><\/bdi><\/span> por 1 d\u00eda<\/span>\n<\/a><a href=\"https:\/\/www.rentriders.pt\/es\/produto\/honda-shi-125cc\/\" rel=\"nofollow\" class=\"button\">Rent &amp; Ride<\/a>\t<span id=\"woocommerce_loop_add_to_cart_link_describedby_10982\" class=\"screen-reader-text\">\n\t\t\t<\/span>\n<\/li>\n<li class=\"czr-hentry product type-product post-13700 status-publish first instock product_cat-aluguer-de-maxiscooters-300cc-cat-d has-post-thumbnail sale taxable shipping-taxable purchasable product-type-simple\">\n\t<a href=\"https:\/\/www.rentriders.pt\/es\/produto\/honda-adv-350cc\/\" class=\"woocommerce-LoopProduct-link woocommerce-loop-product__link\">\n\t<span class=\"onsale\">\u00a1Oferta!<\/span>\n\t<img loading=\"lazy\" decoding=\"async\" width=\"300\" height=\"300\" src=\"https:\/\/www.rentriders.pt\/wp-content\/uploads\/2023\/07\/Honda-ADV-350-Rentriders.Pt-Produto-1-300x300.avif\" class=\"attachment-woocommerce_thumbnail size-woocommerce_thumbnail\" alt=\"Honda ADV 350 RentRiders.Pt\" srcset=\"https:\/\/www.rentriders.pt\/wp-content\/uploads\/2023\/07\/Honda-ADV-350-Rentriders.Pt-Produto-1-300x300.avif 300w, https:\/\/www.rentriders.pt\/wp-content\/uploads\/2023\/07\/Honda-ADV-350-Rentriders.Pt-Produto-1-100x100.avif 100w, https:\/\/www.rentriders.pt\/wp-content\/uploads\/2023\/07\/Honda-ADV-350-Rentriders.Pt-Produto-1-150x150.avif 150w, https:\/\/www.rentriders.pt\/wp-content\/uploads\/2023\/07\/Honda-ADV-350-Rentriders.Pt-Produto-1-510x510.avif 510w\" sizes=\"auto, (max-width: 300px) 100vw, 300px\" \/><h2 class=\"woocommerce-loop-product__title\">HONDA &#8211; ADV 350<\/h2>\n\t<span class=\"price\">Max. <span class=\"woocommerce-Price-amount amount\"><bdi>68,50&nbsp;<span class=\"woocommerce-Price-currencySymbol\" translate=\"no\">&euro;<\/span><\/bdi><\/span> por 1 d\u00eda<\/span>\n<\/a><a href=\"https:\/\/www.rentriders.pt\/es\/produto\/honda-adv-350cc\/\" rel=\"nofollow\" class=\"button\">Rent &amp; Ride<\/a>\t<span id=\"woocommerce_loop_add_to_cart_link_describedby_13700\" class=\"screen-reader-text\">\n\t\t\t<\/span>\n<\/li>\n<li class=\"czr-hentry product type-product post-10985 status-publish instock product_cat-aluguer-de-motos-500cc-cat-e has-post-thumbnail sale taxable shipping-taxable purchasable product-type-simple\">\n\t<a href=\"https:\/\/www.rentriders.pt\/es\/produto\/honda-cb500x-500cc\/\" class=\"woocommerce-LoopProduct-link woocommerce-loop-product__link\">\n\t<span class=\"onsale\">\u00a1Oferta!<\/span>\n\t<img loading=\"lazy\" decoding=\"async\" width=\"300\" height=\"300\" src=\"https:&#47;&#x2f;&#x77;w&#119;&#x2e;&#x72;e&#110;&#x74;r&#105;&#x64;&#x65;r&#115;&#x2e;p&#116;&#x2f;&#x77;p&#45;&#x63;&#x6f;&#110;&#x74;&#x65;n&#116;&#x2f;&#x75;p&#108;&#x6f;a&#100;&#x73;&#x2f;2&#48;&#x32;0&#47;&#x30;&#x37;\/&#72;&#x6f;&#x6e;&#100;&#x61;&#x2d;C&#66;&#x35;&#x30;0&#88;&#x2d;&#64;&#45;&#x52;&#x65;n&#116;&#x52;i&#100;&#x65;&#x72;s&#46;&#x50;&#x74;_-300x300.avif\" class=\"attachment-woocommerce_thumbnail size-woocommerce_thumbnail\" alt=\"Alquiler de Motos Honda CB500X en Lisboa\" srcset=\"https:&#47;&#x2f;&#119;&#x77;w&#x2e;r&#101;&#x6e;&#116;&#x72;i&#x64;e&#114;&#x73;&#46;&#x70;t&#x2f;w&#112;&#x2d;&#99;&#x6f;n&#x74;e&#110;&#x74;&#47;&#x75;p&#x6c;o&#97;&#x64;&#115;&#x2f;2&#x30;2&#48;&#x2f;&#48;&#x37;\/&#x48;o&#110;&#x64;&#97;&#x2d;C&#x42;5&#48;&#x30;&#88;&#x2d;&#64;&#x2d;R&#101;&#x6e;&#116;&#x52;i&#x64;e&#114;&#x73;&#46;&#x50;&#116;_-300x300.avif 300w, https:\/&#47;&#x77;&#x77;&#x77;&#46;&#114;&#101;&#x6e;&#x74;r&#105;&#100;&#x65;&#x72;s&#46;&#112;&#x74;&#x2f;&#x77;p&#45;&#x63;&#x6f;&#x6e;t&#101;&#110;&#x74;&#x2f;u&#112;&#108;&#x6f;&#x61;ds&#47;&#x32;&#x30;&#x32;0&#47;&#48;&#x37;&#x2f;H&#111;&#110;&#x64;&#x61;-&#67;&#66;&#x35;&#x30;0X&#45;&#x40;&#x2d;&#x52;e&#110;&#116;&#x52;&#x69;d&#101;&#114;&#x73;&#x2e;P&#116;_-100x100.avif 100w, https:&#x2f;&#x2f;&#x77;&#x77;&#x77;&#x2e;&#x72;&#x65;&#x6e;&#x74;&#x72;&#x69;&#x64;&#x65;&#x72;&#x73;&#x2e;&#x70;&#x74;&#x2f;&#x77;&#x70;&#x2d;&#x63;&#x6f;&#x6e;&#x74;&#x65;&#x6e;&#x74;&#x2f;&#x75;&#x70;&#x6c;&#x6f;&#x61;&#x64;&#x73;&#x2f;&#x32;&#x30;&#x32;&#x30;&#x2f;&#x30;&#x37;&#x2f;&#x48;&#x6f;&#x6e;&#x64;&#x61;&#x2d;&#x43;&#x42;&#x35;&#x30;&#x30;&#x58;&#x2d;&#x40;&#x2d;&#x52;&#x65;&#x6e;&#x74;&#x52;&#x69;&#x64;&#x65;&#x72;&#x73;&#x2e;&#x50;&#x74;_-150x150.avif 150w, https:&#47;&#x2f;w&#x77;&#x77;&#46;&#x72;e&#110;&#x74;&#114;&#x69;d&#101;&#x72;s&#x2e;p&#116;&#x2f;w&#x70;&#x2d;&#99;&#x6f;n&#116;&#x65;&#110;&#x74;\/&#117;&#x70;&#108;&#x6f;a&#100;&#x73;\/&#x32;&#x30;&#50;&#x30;\/&#48;&#x37;&#47;&#x48;o&#110;&#x64;&#97;&#x2d;C&#66;&#x35;0&#x30;X&#45;&#x40;-&#x52;&#x65;&#110;&#x74;R&#105;&#x64;&#101;&#x72;s&#46;&#x50;&#116;_-510x510.avif 510w\" sizes=\"auto, (max-width: 300px) 100vw, 300px\" \/><h2 class=\"woocommerce-loop-product__title\">HONDA &#8211; CB 500X<\/h2>\n\t<span class=\"price\">Max. <span class=\"woocommerce-Price-amount amount\"><bdi>74,50&nbsp;<span class=\"woocommerce-Price-currencySymbol\" translate=\"no\">&euro;<\/span><\/bdi><\/span> por 1 d\u00eda<\/span>\n<\/a><a href=\"https:\/\/www.rentriders.pt\/es\/produto\/honda-cb500x-500cc\/\" rel=\"nofollow\" class=\"button\">Rent &amp; Ride<\/a>\t<span id=\"woocommerce_loop_add_to_cart_link_describedby_10985\" class=\"screen-reader-text\">\n\t\t\t<\/span>\n<\/li>\n<li class=\"czr-hentry product type-product post-10986 status-publish instock product_cat-aluguer-de-motos-750cc-cat-f has-post-thumbnail sold-individually taxable shipping-taxable purchasable product-type-simple\">\n\t<a href=\"https:\/\/www.rentriders.pt\/es\/produto\/moto-guzzi-750cc\/\" class=\"woocommerce-LoopProduct-link woocommerce-loop-product__link\"><img loading=\"lazy\" decoding=\"async\" width=\"300\" height=\"300\" src=\"https:\/\/&#119;&#119;&#119;&#x2e;&#x72;&#x65;&#x6e;&#x74;ri&#100;&#101;&#114;&#x73;&#x2e;&#x70;&#x74;&#x2f;wp&#45;&#99;&#111;&#x6e;&#x74;&#x65;&#x6e;&#x74;\/u&#112;&#108;&#111;&#x61;&#x64;&#x73;&#x2f;&#x32;02&#51;&#47;&#48;&#x37;&#x2f;&#x4d;&#x6f;&#x74;o-&#71;&#117;&#122;&#x7a;&#x69;&#x2d;&#x56;&#x37;-I&#73;&#45;&#83;&#x70;&#x65;&#x63;&#x69;&#x61;l-&#64;&#45;&#82;&#x65;&#x6e;&#x74;&#x52;&#x69;de&#114;&#115;&#46;&#x50;&#x74;_-300x300.avif\" class=\"attachment-woocommerce_thumbnail size-woocommerce_thumbnail\" alt=\"Alquiler de Moto Guzzi en Lisboa @ RenRiders.Pt\" srcset=\"https:&#x2f;&#x2f;&#x77;&#x77;&#119;&#46;ren&#x74;&#x72;&#x69;&#x64;&#101;&#114;s&#46;p&#x74;&#x2f;&#x77;&#x70;&#45;&#99;&#111;nt&#x65;&#x6e;&#x74;&#x2f;&#117;&#112;&#108;oa&#x64;&#x73;&#x2f;&#x32;&#48;&#50;&#51;\/0&#x37;&#x2f;&#x4d;&#x6f;&#116;&#111;&#45;Gu&#x7a;&#x7a;&#x69;&#x2d;&#86;&#55;&#45;II&#x2d;&#x53;&#x70;&#x65;&#99;&#105;&#97;l-&#x40;&#x2d;&#x52;&#x65;&#110;&#116;&#82;id&#x65;&#x72;&#x73;&#x2e;&#80;&#116;_-300x300.avif 300w, https:\/&#47;&#x77;&#x77;w&#46;&#114;&#x65;&#x6e;t&#114;&#105;&#x64;&#x65;r&#115;&#x2e;&#x70;&#x74;\/&#119;&#x70;&#x2d;c&#111;&#110;&#x74;&#x65;n&#116;&#47;&#x75;&#x70;l&#111;&#x61;&#x64;&#x73;\/&#50;&#x30;&#x32;3\/&#48;&#x37;&#x2f;M&#111;&#116;&#x6f;&#x2d;G&#117;&#122;&#x7a;&#x69;-&#86;&#x37;&#x2d;II&#45;&#x53;&#x70;e&#99;&#105;&#x61;&#x6c;-&#64;&#45;&#x52;&#x65;n&#116;&#x52;&#x69;de&#114;&#x73;&#x2e;P&#116;_-100x100.avif 100w, https:&#47;\/&#x77;w&#x77;&#46;&#x72;e&#x6e;&#116;&#x72;&#105;&#x64;&#101;&#x72;&#115;&#46;&#112;t&#x2f;w&#x70;-&#x63;&#111;&#x6e;&#116;&#x65;&#110;&#x74;&#47;&#x75;&#112;l&#111;a&#x64;s&#x2f;2&#x30;&#50;&#x33;&#47;&#x30;&#55;&#x2f;&#77;&#x6f;&#116;o&#x2d;G&#x75;z&#x7a;i&#x2d;&#86;&#x37;&#45;&#x49;&#73;&#x2d;&#83;&#x70;&#101;c&#x69;a&#x6c;-&#x40;-&#x52;&#101;&#x6e;&#116;&#x52;&#105;&#x64;&#101;&#x72;&#115;&#46;&#x50;t_-150x150.avif 150w, https:&#x2f;&#47;&#119;w&#x77;&#x2e;&#114;e&#x6e;&#x74;&#114;i&#x64;&#x65;&#114;s&#x2e;&#x70;&#116;\/&#x77;&#x70;&#45;c&#x6f;&#x6e;&#116;&#101;n&#x74;&#x2f;&#117;p&#x6c;&#x6f;&#97;d&#x73;&#x2f;&#50;0&#x32;&#x33;&#47;0&#x37;&#x2f;&#77;o&#x74;&#x6f;&#45;&#71;u&#x7a;&#x7a;&#105;-&#x56;&#x37;&#45;I&#x49;&#x2d;&#83;p&#x65;&#x63;&#105;a&#x6c;&#x2d;&#64;-&#x52;&#x65;&#110;&#116;R&#x69;&#x64;&#101;r&#x73;&#x2e;&#80;t_-510x510.avif 510w\" sizes=\"auto, (max-width: 300px) 100vw, 300px\" \/><h2 class=\"woocommerce-loop-product__title\">MOTO GUZZI &#8211; V7 II SPECIAL 750<\/h2>\n\t<span class=\"price\">Max. <span class=\"woocommerce-Price-amount amount\"><bdi>94,50&nbsp;<span class=\"woocommerce-Price-currencySymbol\" translate=\"no\">&euro;<\/span><\/bdi><\/span> por 1 d\u00eda<\/span>\n<\/a><a href=\"https:\/\/www.rentriders.pt\/es\/produto\/moto-guzzi-750cc\/\" rel=\"nofollow\" class=\"button\">Rent &amp; Ride<\/a>\t<span id=\"woocommerce_loop_add_to_cart_link_describedby_10986\" class=\"screen-reader-text\">\n\t\t\t<\/span>\n<\/li>\n<li class=\"czr-hentry product type-product post-11621 status-publish last instock product_cat-aluguer-de-motos-900cc-cat-g has-post-thumbnail taxable shipping-taxable purchasable product-type-simple\">\n\t<a href=\"https:\/\/www.rentriders.pt\/es\/produto\/yamaha-tracer-900-gt\/\" class=\"woocommerce-LoopProduct-link woocommerce-loop-product__link\"><img loading=\"lazy\" decoding=\"async\" width=\"300\" height=\"300\" src=\"https:&#x2f;&#x2f;&#119;w&#x77;&#x2e;&#114;&#101;n&#x74;&#x72;&#105;&#100;e&#x72;&#x73;&#46;pt&#x2f;&#x77;&#112;-&#x63;&#x6f;&#110;&#116;e&#x6e;&#x74;&#47;&#117;p&#x6c;&#x6f;&#97;ds&#x2f;&#x32;&#48;2&#x30;&#x2f;&#48;&#56;\/&#x59;&#x61;&#109;&#97;h&#x61;&#x2d;&#84;RA&#x43;&#x45;&#82;-&#x39;&#x30;&#x30;&#71;T&#x2d;&#x40;&#45;&#82;e&#x6e;&#x74;&#82;&#105;d&#x65;&#x72;&#115;&#46;&#x50;&#x74;_-300x300.avif\" class=\"attachment-woocommerce_thumbnail size-woocommerce_thumbnail\" alt=\"Alquiler de Motos Yamaha Tracer 900 GT en Lisboa\" srcset=\"https:&#47;\/&#x77;w&#x77;&#46;&#x72;&#101;&#x6e;&#116;r&#x69;d&#x65;&#114;&#x73;&#46;&#x70;&#116;&#x2f;&#119;p&#x2d;c&#x6f;&#110;&#x74;&#101;&#x6e;&#116;\/&#x75;p&#x6c;&#111;&#x61;&#100;&#x73;&#47;&#x32;&#48;2&#x30;\/&#x30;&#56;&#x2f;&#89;&#x61;&#109;a&#x68;a&#x2d;&#84;&#x52;&#65;&#x43;&#69;&#x52;&#45;9&#x30;0&#x47;&#84;&#x2d;&#64;&#x2d;&#82;e&#x6e;t&#x52;&#105;&#x64;&#101;&#x72;&#115;&#x2e;&#80;t_-300x300.avif 300w, https:&#47;\/&#x77;w&#x77;&#46;&#x72;e&#x6e;t&#x72;i&#x64;&#101;&#x72;&#115;&#x2e;&#112;&#x74;&#47;&#x77;&#112;&#x2d;&#99;&#x6f;&#110;t&#x65;n&#x74;\/&#x75;p&#x6c;o&#x61;d&#x73;&#47;&#x32;&#48;&#x32;&#48;&#x2f;&#48;&#x38;&#47;&#x59;&#97;&#x6d;&#97;h&#x61;-&#x54;R&#x41;C&#x45;R&#x2d;9&#x30;&#48;&#x47;&#84;&#x2d;&#64;&#x2d;&#82;&#x65;&#110;&#x74;&#82;&#x69;&#100;e&#x72;s&#x2e;P&#x74;_-100x100.avif 100w, https:&#47;&#x2f;&#x77;&#119;&#x77;&#x2e;r&#x65;&#x6e;t&#114;&#x69;d&#101;&#x72;s&#46;&#x70;t&#47;&#x77;p&#45;&#x63;&#x6f;&#110;&#x74;&#x65;&#110;&#x74;&#x2f;u&#x70;&#x6c;o&#97;&#x64;s&#47;&#x32;0&#50;&#x30;\/&#48;&#x38;\/&#89;&#x61;&#x6d;&#97;&#x68;&#x61;&#45;&#x54;&#x52;A&#x43;&#x45;R&#45;&#x39;0&#48;&#x47;T&#45;&#x40;-&#82;&#x65;n&#116;&#x52;&#x69;&#100;&#x65;&#x72;&#115;&#x2e;&#x50;t_-150x150.avif 150w, https:&#x2f;\/&#x77;&#119;w&#x2e;&#114;&#x65;&#110;t&#x72;&#105;&#x64;&#101;r&#x73;&#46;&#x70;&#x74;\/&#x77;&#112;-&#x63;&#111;&#x6e;&#116;e&#x6e;&#116;&#x2f;&#117;p&#x6c;&#111;&#x61;&#x64;s&#x2f;&#50;0&#x32;0&#x2f;&#48;8&#x2f;&#89;&#x61;&#109;a&#x68;&#97;&#x2d;&#84;R&#x41;&#67;&#x45;&#x52;-&#x39;&#48;0&#x47;&#84;&#x2d;&#64;-&#x52;&#101;&#x6e;&#116;R&#x69;&#100;&#x65;&#x72;s&#x2e;&#80;t_-510x510.avif 510w\" sizes=\"auto, (max-width: 300px) 100vw, 300px\" \/><h2 class=\"woocommerce-loop-product__title\">YAMAHA &#8211; TRACER 900 GT<\/h2>\n\t<span class=\"price\">Max. <span class=\"woocommerce-Price-amount amount\"><bdi>134,50&nbsp;<span class=\"woocommerce-Price-currencySymbol\" translate=\"no\">&euro;<\/span><\/bdi><\/span> por 1 d\u00eda<\/span>\n<\/a><a href=\"https:\/\/www.rentriders.pt\/es\/produto\/yamaha-tracer-900-gt\/\" rel=\"nofollow\" class=\"button\">Rent &amp; Ride<\/a>\t<span id=\"woocommerce_loop_add_to_cart_link_describedby_11621\" class=\"screen-reader-text\">\n\t\t\t<\/span>\n<\/li>\n<\/ul>\n<\/div><\/p>\n<p style=\"text-align: center;\"><strong><span style=\"text-decoration: underline;\">Experiencia en la conducci\u00f3n de ciclomotores o motocicletas se requiere para su seguridad y para la seguridad de terceros.<\/span><\/strong><\/p>\n<p style=\"text-align: justify;\"><strong><em>* El descuento del 15% est\u00e1 incluido, ya est\u00e1 descontado, en el precio final mostrado. <span style=\"text-decoration: underline;\">Los precios mostrados en el mostrador de la agencia pueden diferir en m\u00e1s de un 15% respecto a los precios aqu\u00ed mostrados.<\/span><\/em><\/strong><\/p>\n<hr \/>\n<h3 style=\"text-align: center;\"><strong>Alquila una Moto, Scooter o Maxiscooter y disfruta de Lisboa en dos ruedas con RentRiders<sup>\u00ae<\/sup>\u00a0<\/strong><\/h3>\n<p style=\"text-align: justify;\">\u00a1Rent Riders<sup>\u00ae<\/sup> es su empresa de alquiler de scooters y motocicletas en Lisboa! Renta connosostros\u00a0y vivir\u00e1s una experiencia inolvidable. Solo o acompa\u00f1ado&#8230;\u00a0la elecci\u00f3n es tuya. \u00a1El mejor precio y servicio!<\/p>\n<p style=\"text-align: justify;\">Alquiler de Scooters, Maxiscooters y Motos en lisboa es @ RentRiders<sup>\u00ae<\/sup> . Pelo en el viento , sin atascos de tr\u00e1fico , sin problemas de aparcamiento y , sobre todo , con total libertad . Viene a RentRiders<sup>\u00ae<\/sup> alquilar una Scooter, MaxiScooter o una Motocicleta e siente la aventura de descubrir la capital de Portugal y sus alrededores .<\/p>\n<p style=\"text-align: justify;\">No te quedes dependiente de transportes p\u00fablicos , alquila una scooter, maxiscooter o una motocicleta en Lisboa @ RentRiders<sup>\u00ae<\/sup> y visita nuestra ciudad con total libertad.<\/p>\n<h4 style=\"text-align: center;\">Alquilar una Scooter, Maxiscooter o una Motocicleta con Rent Riders<sup>\u00ae <\/sup>es la mejor manera de visitar y descubrir Portugal, especialmente Lisboa y sus alrededores .<\/h4>\n<p style=\"text-align: justify;\">Con nuestras scooters, maxiscooters o motos es f\u00e1cil de encontrar hermosas playas cerca de Lisboa , donde se puede refrescar en nuestras aguas del Atl\u00e1ntico ! Lisboa y la playa se combinan a la perfecci\u00f3n.<\/p>\n<p style=\"text-align: justify;\">Tenemos nuevos y variados modelos de alquiler de scooters y motocicletas en Lisboa. El siempre \u00e1gil y muy econ\u00f3mica SYM ORBIT III 50CC. La m\u00e1s din\u00e1mica y tambi\u00e9n muy econ\u00f3micas HONDA VISION 110i CC, HONDA SH Mode 125CC TOP CASE o HONDA SH 125i CC ABS TOP CASE.<\/p>\n<p style=\"text-align: justify;\">Las m\u00e1s deportivas HONDA ADV 350i ABS. Las m\u00e1s c\u00f3modas y potentes para paseos mixtos de ciudad y campo HONDA CB500X. Las m\u00e1s potentes e hist\u00f3ricas, con sangre italiana MOTO GUZZI V7 II Special 750i CC y\u00a0 con sagre japon\u00e9s\u00a0 YAMAHA TRACER 900GT .<\/p>\n<p style=\"text-align: center;\"><strong>No alquilamos Scooters, Maxiscooters, Motocicletas o Bicicletas con fines de distribuci\u00f3n profesional, servicios de mensajer\u00eda y similares.<\/strong><\/p>\n<h6 style=\"text-align: center;\"><strong>RENTRIDERS<sup>\u00ae<\/sup> | RENT-A-RIDE<\/strong><\/h6>\n<p><\/p>","protected":false},"excerpt":{"rendered":"<p>RentRiders\u00ae &#8211; Alquiler de Scooters &#038; Motos en Lisboa . \u00a1 Alquila una Scooter o una Moto y visita nuestra ciudad de forma f\u00e1cil y divertida !<\/p>\n","protected":false},"author":1,"featured_media":16687,"parent":0,"menu_order":20,"comment_status":"closed","ping_status":"closed","template":"","meta":{"iawp_total_views":4751,"footnotes":""},"class_list":["post-77","page","type-page","status-publish","has-post-thumbnail","czr-hentry"],"_links":{"self":[{"href":"https:\/\/www.rentriders.pt\/es\/wp-json\/wp\/v2\/pages\/77","targetHints":{"allow":["GET"]}}],"collection":[{"href":"https:\/\/www.rentriders.pt\/es\/wp-json\/wp\/v2\/pages"}],"about":[{"href":"https:\/\/www.rentriders.pt\/es\/wp-json\/wp\/v2\/types\/page"}],"author":[{"embeddable":true,"href":"https:\/\/www.rentriders.pt\/es\/wp-json\/wp\/v2\/users\/1"}],"replies":[{"embeddable":true,"href":"https:\/\/www.rentriders.pt\/es\/wp-json\/wp\/v2\/comments?post=77"}],"version-history":[{"count":20,"href":"https:\/\/www.rentriders.pt\/es\/wp-json\/wp\/v2\/pages\/77\/revisions"}],"predecessor-version":[{"id":16866,"href":"https:\/\/www.rentriders.pt\/es\/wp-json\/wp\/v2\/pages\/77\/revisions\/16866"}],"wp:featuredmedia":[{"embeddable":true,"href":"https:\/\/www.rentriders.pt\/es\/wp-json\/wp\/v2\/media\/16687"}],"wp:attachment":[{"href":"https:\/\/www.rentriders.pt\/es\/wp-json\/wp\/v2\/media?parent=77"}],"curies":[{"name":"wp","href":"https:\/\/api.w.org\/{rel}","templated":true}]}}