{"id":13332,"date":"2022-08-07T09:46:58","date_gmt":"2022-08-07T09:46:58","guid":{"rendered":"https:\/\/www.rentriders.pt\/?page_id=13332"},"modified":"2026-07-11T09:07:05","modified_gmt":"2026-07-11T09:07:05","slug":"reservas","status":"publish","type":"page","link":"https:\/\/www.rentriders.pt\/es\/reservas\/","title":{"rendered":"\u00c1rea de Reservas &#8211; Alquiler &#8211; Bicicletas | Scooters | Motos &#8211; Lisboa"},"content":{"rendered":"<p><\/p>\n<h2 style=\"text-align: center;\"><strong>Alquila ya tu scooter, moto, bicicleta o e-bike en Lisboa @ RentRiders<sup>\u00ae\u00a0<\/sup><\/strong><\/h2>\n<p style=\"text-align: center;\"><strong>Reserva online y benef\u00edciate de un 15% de descuento* <\/strong>en todas las categor\u00edas de alquiler de scooters, maxi-scooters, motos y bicicletas. <strong>\u00a1Cuanto m\u00e1s d\u00edas alquiles menos pagar\u00e1s por d\u00eda!<\/strong>\u00a0\ud83d\ude42<\/p>\n<p style=\"text-align: center;\"><span style=\"color: #339966;\"><strong>\u21d2 <span style=\"text-decoration: underline;\">Los precios y descuentos mostrados son exclusivamente para reservas realizadas online.<\/span> \u21d0<\/strong><\/span><\/p>\n<hr \/>\n<h5 style=\"text-align: center;\"><strong>BICICLETAS | E-BIKES<\/strong><\/h5>\n<div class=\"woocommerce columns-4 \"><ul class=\"products columns-4\">\n<li class=\"czr-hentry product type-product post-11417 status-publish first instock product_cat-aluguer-de-bicicletas-cidade-cat-bc has-post-thumbnail taxable shipping-taxable purchasable product-type-variable\">\n\t<a href=\"https:\/\/www.rentriders.pt\/es\/produto\/scott-sub-comfort\/\" class=\"woocommerce-LoopProduct-link woocommerce-loop-product__link\"><img loading=\"lazy\" decoding=\"async\" width=\"300\" height=\"300\" src=\"https:\/\/w&#119;&#119;&#46;&#x72;&#x65;&#x6e;&#x74;&#x72;&#x69;der&#115;&#46;&#112;&#116;&#x2f;&#x77;&#x70;&#x2d;&#x63;&#x6f;nte&#110;&#116;&#47;&#x75;&#x70;&#x6c;&#x6f;&#x61;&#x64;s\/2&#48;&#50;&#48;&#47;&#x30;&#x37;&#x2f;&#x53;&#x63;&#x6f;tt-&#83;&#117;&#98;&#x2d;&#x43;&#x6f;&#x6d;&#x66;&#x6f;rt-&#64;&#45;&#82;&#101;&#x6e;&#x74;&#x52;&#x69;&#x64;&#x65;rs&#46;&#80;&#116;&#45;&#x42;&#x69;&#x6b;&#x65;&#x73;&#x2d;300&#120;&#51;&#48;&#48;&#x2e;&#x61;&#x76;&#x69;&#x66;\" class=\"attachment-woocommerce_thumbnail size-woocommerce_thumbnail\" alt=\"Alquiler de Bicicletas Scott Sub Comfort en Lisboa\" srcset=\"https:&#47;&#x2f;&#119;&#x77;&#119;&#x2e;&#114;&#x65;&#110;&#x74;&#114;&#x69;d&#x65;r&#x73;&#46;&#x70;t&#x2f;w&#x70;-&#99;&#x6f;&#110;&#x74;&#101;&#x6e;&#116;&#x2f;&#117;&#x70;&#108;&#x6f;&#97;&#x64;s&#x2f;2&#x30;2&#x30;\/&#x30;7&#x2f;S&#99;&#x6f;&#116;&#x74;&#45;&#x53;&#117;&#x62;&#45;&#x43;&#111;&#x6d;&#102;&#x6f;r&#x74;-&#x40;-&#x52;e&#x6e;t&#x52;i&#100;&#x65;&#114;&#x73;&#46;&#x50;&#116;&#x2d;&#66;&#x69;&#107;&#x65;&#115;&#x2d;3&#x30;0&#x78;3&#x30;0&#x2e;a&#x76;i&#102; 300w, https:\/\/www&#46;re&#110;&#116;&#114;&#105;&#100;&#101;&#114;&#115;&#46;&#112;&#x74;&#x2f;&#x77;&#x70;&#x2d;&#x63;&#x6f;&#x6e;&#x74;&#x65;&#x6e;&#x74;&#x2f;&#x75;&#x70;loads\/20&#50;&#48;&#47;&#48;&#55;&#47;&#83;&#99;&#111;&#116;&#x74;&#x2d;&#x53;&#x75;&#x62;&#x2d;&#x43;&#x6f;&#x6d;&#x66;&#x6f;&#x72;&#x74;&#x2d;&#x40;-RentRid&#101;&#114;&#115;&#46;&#80;&#116;&#45;&#66;&#105;&#107;&#101;&#x73;&#x2d;&#x31;&#x30;&#x30;&#x78;&#x31;&#x30;&#x30;&#x2e;&#x61;&#x76;&#x69;&#x66; 100w, https:&#x2f;&#47;w&#x77;&#119;&#46;&#x72;&#101;n&#x74;&#114;i&#x64;&#101;r&#x73;&#x2e;p&#x74;&#x2f;&#119;&#x70;&#x2d;&#99;&#x6f;&#x6e;&#116;e&#x6e;&#116;\/&#x75;&#112;l&#x6f;&#97;d&#x73;&#47;2&#x30;&#x32;0&#x2f;&#x30;&#55;&#x2f;&#x53;&#99;&#x6f;&#x74;&#116;-&#x53;&#117;b&#x2d;&#67;o&#x6d;&#102;o&#x72;&#116;-&#x40;&#x2d;R&#x65;&#x6e;&#116;&#x52;&#x69;&#100;&#x65;&#x72;&#115;&#46;&#x50;&#116;-&#x42;&#105;k&#x65;&#115;-&#x31;&#53;0&#x78;&#x31;5&#x30;&#x2e;&#97;&#x76;&#x69;&#102; 150w, https:&#x2f;&#47;w&#x77;&#x77;&#46;r&#x65;&#110;t&#x72;&#x69;&#100;e&#x72;&#115;&#46;&#x70;&#x74;&#47;w&#x70;&#x2d;&#99;&#x6f;&#x6e;&#116;e&#x6e;&#x74;&#47;u&#x70;&#108;o&#x61;&#x64;&#115;\/&#x32;&#48;2&#x30;&#x2f;&#48;7&#x2f;&#x53;&#99;&#x6f;&#x74;&#116;-&#x53;&#x75;&#98;-&#x43;&#111;m&#x66;&#x6f;&#114;t&#x2d;&#64;-&#x52;&#x65;&#110;t&#x52;&#x69;&#100;&#x65;&#x72;&#115;&#46;&#x50;&#x74;&#45;B&#x69;&#107;e&#x73;&#x2d;&#53;1&#x30;&#120;5&#x31;&#x30;&#46;a&#x76;&#x69;&#102; 510w\" sizes=\"auto, (max-width: 300px) 100vw, 300px\" \/><h2 class=\"woocommerce-loop-product__title\">SCOTT &#8211; SUB COMFORT<\/h2>\n\t<span class=\"price\">Max. <span class=\"woocommerce-Price-amount amount\"><bdi>24,50&nbsp;<span class=\"woocommerce-Price-currencySymbol\" translate=\"no\">&euro;<\/span><\/bdi><\/span> por 1 d\u00eda<\/span>\n<\/a><a href=\"https:\/\/www.rentriders.pt\/es\/produto\/scott-sub-comfort\/\" rel=\"nofollow\" class=\"button\">Rent &amp; Ride<\/a>\t<span id=\"woocommerce_loop_add_to_cart_link_describedby_11417\" class=\"screen-reader-text\">\n\t\tEste producto tiene m\u00faltiples variantes. Las opciones se pueden elegir en la p\u00e1gina de producto\t<\/span>\n<\/li>\n<li class=\"czr-hentry product type-product post-11429 status-publish instock product_cat-aluguer-de-bicicletas-montanha-cat-bc has-post-thumbnail taxable shipping-taxable purchasable product-type-variable\">\n\t<a href=\"https:\/\/www.rentriders.pt\/es\/produto\/scott-aspect\/\" class=\"woocommerce-LoopProduct-link woocommerce-loop-product__link\"><img loading=\"lazy\" decoding=\"async\" width=\"300\" height=\"300\" src=\"https:&#x2f;\/&#x77;&#119;w&#x2e;&#114;&#x65;&#110;t&#x72;&#105;&#x64;&#101;r&#x73;&#46;&#x70;&#x74;\/&#x77;&#112;-&#x63;&#111;&#x6e;&#116;e&#x6e;&#116;&#x2f;&#117;p&#x6c;&#111;&#x61;&#x64;s&#x2f;&#50;0&#x32;0&#x2f;&#48;7&#x2f;&#83;&#x63;&#111;t&#x74;&#45;&#x41;&#115;p&#x65;&#99;&#x74;&#x2d;&#64;&#x2d;&#82;e&#x6e;&#116;&#x52;&#105;d&#x65;&#114;&#x73;&#46;P&#x74;&#45;&#x42;&#x69;k&#x65;&#115;-&#x33;0&#x30;&#120;3&#x30;&#48;&#x2e;&#97;v&#x69;&#102;\" class=\"attachment-woocommerce_thumbnail size-woocommerce_thumbnail\" alt=\"Alquiler de Bicicletas Scott Aspect en Lisboa\" srcset=\"https:&#47;\/&#x77;w&#x77;&#46;&#x72;&#101;&#x6e;&#116;r&#x69;d&#x65;&#114;&#x73;&#46;&#x70;&#116;&#x2f;&#119;p&#x2d;c&#x6f;&#110;&#x74;&#101;&#x6e;&#116;\/&#x75;p&#x6c;&#111;&#x61;&#100;&#x73;&#47;&#x32;&#48;2&#x30;\/&#x30;&#55;&#x2f;&#83;&#x63;&#111;t&#x74;-&#x41;&#115;&#x70;&#101;&#x63;&#116;&#x2d;&#64;-&#x52;e&#x6e;&#116;&#x52;&#105;&#x64;&#101;r&#x73;&#46;&#x50;&#116;&#x2d;&#66;&#x69;&#107;&#x65;&#115;-&#x33;0&#x30;&#120;&#x33;&#48;&#x30;&#46;a&#x76;i&#x66; 300w, https:&#x2f;\/&#x77;&#119;w&#x2e;&#114;&#x65;&#x6e;t&#x72;&#105;d&#x65;&#114;&#x73;&#46;p&#x74;&#47;w&#x70;&#45;&#x63;&#111;n&#x74;&#101;&#x6e;&#x74;\/&#x75;&#112;l&#x6f;&#97;&#x64;&#x73;\/&#x32;&#48;2&#x30;&#47;&#x30;&#55;\/&#x53;&#99;&#x6f;&#x74;t&#x2d;&#65;s&#x70;&#101;&#x63;&#x74;-&#x40;&#45;R&#x65;&#110;&#x74;&#82;i&#x64;&#101;r&#x73;&#46;&#x50;&#116;-&#x42;&#105;&#x6b;&#x65;s&#x2d;&#49;0&#x30;&#120;&#x31;&#x30;0&#x2e;&#97;v&#x69;&#102; 100w, https:&#x2f;&#x2f;&#x77;&#x77;&#x77;&#46;&#114;&#101;&#110;tri&#x64;&#x65;&#x72;&#x73;&#x2e;&#x70;&#116;&#47;&#119;p-c&#x6f;&#x6e;&#x74;&#x65;&#x6e;&#x74;&#47;&#117;&#112;&#108;oad&#x73;&#x2f;&#x32;&#x30;&#x32;&#x30;&#47;&#48;&#55;\/Sc&#x6f;&#x74;&#x74;&#x2d;&#x41;&#x73;&#112;&#101;&#99;&#116;-&#64;-&#x52;&#x65;&#x6e;&#x74;&#x52;&#x69;&#100;&#101;&#114;s&#46;P&#x74;&#x2d;&#x42;&#x69;&#x6b;&#x65;&#115;&#45;&#49;&#53;0x1&#x35;&#x30;&#x2e;&#x61;&#x76;&#x69;&#102; 150w, https:&#x2f;\/&#x77;&#119;w&#x2e;&#114;&#x65;&#x6e;t&#x72;&#105;d&#x65;&#114;&#x73;&#46;p&#x74;&#47;w&#x70;&#45;&#x63;&#111;n&#x74;&#101;&#x6e;&#x74;\/&#x75;&#112;l&#x6f;&#97;&#x64;&#x73;\/&#x32;&#48;2&#x30;&#47;&#x30;&#55;\/&#x53;&#99;&#x6f;&#x74;t&#x2d;&#65;s&#x70;&#101;&#x63;&#x74;-&#x40;&#45;R&#x65;&#110;&#x74;&#82;i&#x64;&#101;r&#x73;&#46;&#x50;&#116;-&#x42;&#105;&#x6b;&#x65;s&#x2d;&#53;1&#x30;&#120;&#x35;&#x31;0&#x2e;&#97;v&#x69;&#102; 510w\" sizes=\"auto, (max-width: 300px) 100vw, 300px\" \/><h2 class=\"woocommerce-loop-product__title\">SCOTT &#8211; ASPECT<\/h2>\n\t<span class=\"price\">Max. <span class=\"woocommerce-Price-amount amount\"><bdi>26,50&nbsp;<span class=\"woocommerce-Price-currencySymbol\" translate=\"no\">&euro;<\/span><\/bdi><\/span> por 1 d\u00eda<\/span>\n<\/a><a href=\"https:\/\/www.rentriders.pt\/es\/produto\/scott-aspect\/\" rel=\"nofollow\" class=\"button\">Rent &amp; Ride<\/a>\t<span id=\"woocommerce_loop_add_to_cart_link_describedby_11429\" class=\"screen-reader-text\">\n\t\tEste producto tiene m\u00faltiples variantes. Las opciones se pueden elegir en la p\u00e1gina de producto\t<\/span>\n<\/li>\n<li class=\"czr-hentry product type-product post-11426 status-publish instock product_cat-aluguer-de-bicicletas-estrada-cat-bm has-post-thumbnail taxable shipping-taxable purchasable product-type-variable\">\n\t<a href=\"https:\/\/www.rentriders.pt\/es\/produto\/scott-speedster\/\" class=\"woocommerce-LoopProduct-link woocommerce-loop-product__link\"><img loading=\"lazy\" decoding=\"async\" width=\"300\" height=\"300\" src=\"https:&#47;\/&#x77;w&#x77;&#46;&#x72;&#101;&#x6e;&#116;r&#x69;d&#x65;&#114;&#x73;&#46;&#x70;&#116;&#x2f;&#119;p&#x2d;c&#x6f;&#110;&#x74;&#101;&#x6e;&#116;\/&#x75;p&#x6c;&#111;&#x61;&#100;&#x73;&#47;&#x32;&#48;2&#x30;\/&#x30;&#55;&#x2f;&#83;&#x63;&#111;t&#x74;-&#x53;&#112;&#x65;&#101;&#x64;&#115;&#x74;&#101;r&#x40;-&#x52;&#101;&#x6e;&#116;&#x52;&#105;d&#x65;r&#x73;&#46;&#x50;&#116;&#x2d;&#66;&#x69;&#107;e&#x73;-&#x33;&#48;&#x30;&#120;&#x33;&#48;0&#x2e;a&#x76;&#105;&#x66;\" class=\"attachment-woocommerce_thumbnail size-woocommerce_thumbnail\" alt=\"Alquiler de Bicicletas Scott Speedster en Lisboa\" srcset=\"https:&#47;&#x2f;w&#119;&#x77;&#46;&#x72;e&#110;&#x74;r&#x69;&#x64;&#101;&#x72;s&#46;&#x70;t&#x2f;&#x77;&#112;&#x2d;c&#111;&#x6e;&#116;&#x65;n&#116;&#x2f;u&#112;&#x6c;&#111;&#x61;d&#115;&#x2f;2&#x30;&#x32;&#48;&#x2f;0&#55;&#x2f;S&#x63;&#x6f;&#116;&#x74;-&#83;&#x70;&#101;&#x65;d&#115;&#x74;e&#x72;&#x40;&#45;&#x52;e&#110;&#x74;R&#x69;&#x64;&#101;&#x72;s&#46;&#x50;&#116;&#x2d;B&#105;&#x6b;e&#115;&#x2d;&#51;&#x30;0&#120;&#x33;0&#x30;&#x2e;&#97;&#x76;i&#102; 300w, https:&#47;&#x2f;&#119;&#x77;w&#x2e;r&#101;&#x6e;&#116;&#x72;i&#x64;e&#114;&#x73;&#46;&#x70;t&#x2f;w&#112;&#x2d;&#99;&#x6f;n&#x74;e&#110;&#x74;&#47;&#x75;p&#x6c;o&#97;&#x64;&#115;&#x2f;2&#x30;2&#48;&#x2f;&#48;&#x37;\/&#x53;c&#111;&#x74;&#116;&#x2d;S&#x70;e&#101;&#x64;&#115;&#x74;e&#x72;&#64;&#45;&#x52;&#101;&#x6e;t&#x52;i&#100;&#x65;&#114;&#x73;&#46;&#x50;t&#45;&#x42;&#105;&#x6b;&#101;&#x73;-&#49;&#x30;&#48;&#x78;&#49;&#x30;0&#x2e;&#x61;&#118;&#x69;&#102; 100w, https:&#47;&#x2f;&#119;&#x77;w&#x2e;r&#101;&#x6e;&#116;&#x72;&#105;&#x64;e&#x72;s&#46;&#x70;&#116;&#x2f;w&#x70;-&#x63;&#x6f;&#110;&#x74;&#101;&#x6e;t&#x2f;u&#112;&#x6c;&#111;&#x61;&#100;&#x73;\/&#x32;0&#50;&#x30;&#47;&#x30;7&#x2f;S&#x63;&#x6f;&#116;&#x74;&#45;&#x53;p&#x65;e&#100;&#x73;&#116;&#x65;&#114;&#x40;-&#x52;e&#110;&#x74;&#82;&#x69;d&#x65;r&#x73;&#x2e;&#80;&#x74;&#45;&#x42;i&#x6b;e&#115;&#x2d;&#49;&#x35;&#48;&#x78;1&#x35;0&#46;&#x61;&#118;&#x69;f 150w, https:\/\/ww&#119;&#46;&#114;&#101;&#110;&#116;&#114;&#x69;&#x64;&#x65;&#x72;&#x73;&#x2e;&#x70;&#x74;&#x2f;wp-c&#111;&#110;&#116;&#101;&#110;&#116;&#47;&#x75;&#x70;&#x6c;&#x6f;&#x61;&#x64;&#x73;&#x2f;&#x32;020\/&#48;&#55;&#47;&#83;&#99;&#111;&#116;&#x74;&#x2d;&#x53;&#x70;&#x65;&#x65;&#x64;&#x73;&#x74;er&#64;-&#82;&#101;&#110;&#116;&#82;&#105;&#100;&#x65;&#x72;&#x73;&#x2e;&#x50;&#x74;&#x2d;&#x42;&#x69;kes-&#53;&#49;&#48;&#120;&#53;&#49;&#48;&#x2e;&#x61;&#x76;&#x69;&#x66; 510w\" sizes=\"auto, (max-width: 300px) 100vw, 300px\" \/><h2 class=\"woocommerce-loop-product__title\">SCOTT &#8211; SPEEDSTER &#038; TREK &#8211; DOMANE AL 2<\/h2>\n\t<span class=\"price\">Max. <span class=\"woocommerce-Price-amount amount\"><bdi>32,50&nbsp;<span class=\"woocommerce-Price-currencySymbol\" translate=\"no\">&euro;<\/span><\/bdi><\/span> por 1 d\u00eda<\/span>\n<\/a><a href=\"https:\/\/www.rentriders.pt\/es\/produto\/scott-speedster\/\" rel=\"nofollow\" class=\"button\">Rent &amp; Ride<\/a>\t<span id=\"woocommerce_loop_add_to_cart_link_describedby_11426\" class=\"screen-reader-text\">\n\t\tEste producto tiene m\u00faltiples variantes. Las opciones se pueden elegir en la p\u00e1gina de producto\t<\/span>\n<\/li>\n<li class=\"czr-hentry product type-product post-11422 status-publish last instock product_cat-aluguer-de-bicicletas-electricas-cat-be has-post-thumbnail taxable shipping-taxable purchasable product-type-variable\">\n\t<a href=\"https:\/\/www.rentriders.pt\/es\/produto\/scott-e-sub-active\/\" class=\"woocommerce-LoopProduct-link woocommerce-loop-product__link\"><img loading=\"lazy\" decoding=\"async\" width=\"300\" height=\"300\" src=\"https:&#x2f;&#x2f;&#x77;&#x77;&#x77;&#46;&#114;&#101;&#110;tri&#x64;&#x65;&#x72;&#x73;&#x2e;&#x70;&#116;&#47;&#119;p-c&#x6f;&#x6e;&#x74;&#x65;&#x6e;&#x74;&#47;&#117;&#112;&#108;oad&#x73;&#x2f;&#x32;&#x30;&#x32;&#x30;&#47;&#48;&#55;\/Sc&#x6f;&#x74;&#x74;&#x2d;&#x65;&#x53;&#117;&#98;&#45;&#65;cti&#x76;&#x65;&#x2d;&#x40;&#x2d;&#x52;&#101;&#110;&#116;Rid&#x65;&#x72;&#x73;&#x2e;&#x50;&#x74;&#45;&#66;&#105;&#107;es-&#x33;&#x30;&#x30;&#x78;&#x33;&#x30;&#48;&#46;&#97;vif\" class=\"attachment-woocommerce_thumbnail size-woocommerce_thumbnail\" alt=\"Alquiler de Bicicletas Scott Sub e-Active en Lisboa\" srcset=\"https:&#x2f;&#47;w&#x77;&#119;&#46;&#x72;&#x65;&#110;t&#x72;&#105;d&#x65;&#x72;&#115;&#46;&#x70;&#116;\/&#x77;&#x70;&#45;c&#x6f;&#110;t&#x65;&#x6e;&#116;\/&#x75;&#112;l&#x6f;&#x61;&#100;&#x73;&#x2f;&#50;0&#x32;&#48;\/&#x30;&#x37;&#47;S&#x63;&#111;t&#x74;&#x2d;&#101;S&#x75;&#98;-&#x41;&#x63;&#116;i&#x76;&#101;-&#x40;&#x2d;&#82;&#x65;&#x6e;&#116;R&#x69;&#100;&#101;&#x72;&#x73;&#46;P&#x74;&#45;B&#x69;&#x6b;&#101;s&#x2d;&#51;0&#x30;&#x78;&#51;0&#x30;&#46;a&#x76;&#x69;&#102; 300w, https:&#47;&#x2f;w&#x77;w&#46;&#x72;&#101;&#x6e;t&#114;&#x69;&#100;&#x65;r&#x73;&#x2e;&#112;&#x74;\/&#x77;p&#45;&#x63;&#111;&#x6e;t&#101;&#x6e;&#116;&#x2f;u&#112;&#x6c;&#111;&#x61;d&#x73;&#x2f;&#50;&#x30;2&#x30;\/&#48;&#x37;&#47;&#x53;c&#111;&#x74;&#116;&#x2d;e&#83;&#x75;&#98;&#x2d;A&#x63;t&#105;&#x76;e&#x2d;&#64;&#45;&#x52;&#101;&#x6e;t&#82;&#x69;&#100;&#x65;r&#x73;&#x2e;&#80;&#x74;-&#x42;i&#107;&#x65;&#115;&#x2d;1&#48;&#x30;&#120;&#x31;0&#48;&#x2e;&#97;&#x76;i&#x66; 100w, https:&#47;&#x2f;&#119;&#x77;&#119;&#x2e;r&#x65;n&#116;&#x72;&#105;&#x64;&#101;&#x72;s&#x2e;p&#116;&#x2f;&#119;&#x70;&#45;&#x63;&#111;&#x6e;t&#x65;n&#116;&#x2f;&#117;&#x70;&#108;&#x6f;a&#x64;s&#47;&#x32;&#48;&#x32;&#48;&#x2f;&#48;&#x37;\/&#x53;c&#111;&#x74;&#116;&#x2d;&#101;&#x53;u&#x62;-&#65;&#x63;&#116;&#x69;&#118;&#x65;&#45;&#x40;-&#x52;e&#110;&#x74;&#82;&#x69;&#100;&#x65;r&#x73;&#46;&#80;&#x74;&#45;&#x42;&#105;&#x6b;&#101;&#x73;-&#x31;5&#48;&#x78;&#49;&#x35;&#48;&#x2e;a&#x76;i&#102; 150w, https:&#47;&#x2f;w&#x77;&#x77;&#46;&#x72;e&#x6e;&#x74;&#114;&#x69;d&#x65;&#x72;&#115;&#x2e;p&#x74;&#x2f;&#119;&#x70;-&#x63;&#x6f;&#110;&#x74;e&#x6e;&#x74;&#47;&#x75;p&#x6c;&#x6f;&#97;&#x64;s&#x2f;&#x32;&#48;&#x32;0&#x2f;&#x30;&#55;&#x2f;S&#x63;&#x6f;&#116;&#x74;-&#x65;&#x53;&#117;&#x62;-&#x41;&#x63;&#116;&#x69;v&#x65;&#x2d;&#64;&#x2d;R&#x65;&#x6e;&#116;&#x52;i&#x64;&#x65;&#114;&#x73;&#46;&#x50;&#x74;&#45;&#x42;i&#x6b;&#x65;&#115;&#x2d;5&#x31;&#x30;&#120;&#x35;1&#x30;&#x2e;&#97;&#x76;i&#x66; 510w\" sizes=\"auto, (max-width: 300px) 100vw, 300px\" \/><h2 class=\"woocommerce-loop-product__title\">SCOTT &#8211; SUB E-ACTIVE<\/h2>\n\t<span class=\"price\">Max. <span class=\"woocommerce-Price-amount amount\"><bdi>35,00&nbsp;<span class=\"woocommerce-Price-currencySymbol\" translate=\"no\">&euro;<\/span><\/bdi><\/span> por 1 d\u00eda<\/span>\n<\/a><a href=\"https:\/\/www.rentriders.pt\/es\/produto\/scott-e-sub-active\/\" rel=\"nofollow\" class=\"button\">Rent &amp; Ride<\/a>\t<span id=\"woocommerce_loop_add_to_cart_link_describedby_11422\" class=\"screen-reader-text\">\n\t\tEste producto tiene m\u00faltiples variantes. Las opciones se pueden elegir en la p\u00e1gina de producto\t<\/span>\n<\/li>\n<li class=\"czr-hentry product type-product post-12782 status-publish first instock product_cat-aluguer-de-bicicletas-electricas-cat-be1 has-post-thumbnail taxable shipping-taxable purchasable product-type-variable\">\n\t<a href=\"https:\/\/www.rentriders.pt\/es\/produto\/scott-sub-cross-e-ride\/\" class=\"woocommerce-LoopProduct-link woocommerce-loop-product__link\"><img loading=\"lazy\" decoding=\"async\" width=\"300\" height=\"300\" src=\"https:\/\/www&#46;re&#110;&#116;&#114;&#105;&#100;&#101;&#114;&#115;&#46;&#112;&#x74;&#x2f;&#x77;&#x70;&#x2d;&#x63;&#x6f;&#x6e;&#x74;&#x65;&#x6e;&#x74;&#x2f;&#x75;&#x70;loads\/20&#50;&#50;&#47;&#48;&#54;&#47;&#83;&#99;&#111;&#116;&#x74;&#x2d;&#x53;&#x75;&#x62;&#x2d;&#x43;&#x72;&#x6f;&#x73;&#x73;&#x2d;&#x65;&#x52;&#x69;de-Man-&#64;&#45;&#82;&#101;&#110;&#116;&#82;&#105;&#100;&#101;&#114;&#115;&#x2e;&#x50;&#x74;&#x2d;&#x42;&#x69;&#x6b;&#x65;&#x73;&#x2d;&#x33;&#x30;&#x30;&#x78;&#x33;00&#46;avif\" class=\"attachment-woocommerce_thumbnail size-woocommerce_thumbnail\" alt=\"Alquiler de Bicicletas Electricas Scott Sub Cross e-Ride en Lisboa\" srcset=\"https:\/&#47;&#x77;&#x77;&#x77;&#46;&#114;&#101;&#x6e;&#x74;r&#105;&#100;&#x65;&#x72;s&#46;&#112;&#x74;&#x2f;&#x77;p&#45;&#x63;&#x6f;&#x6e;t&#101;&#110;&#x74;&#x2f;u&#112;&#108;&#x6f;&#x61;ds&#47;&#x32;&#x30;&#x32;2&#47;&#48;&#x36;&#x2f;S&#99;&#111;&#x74;&#x74;-&#83;&#117;&#x62;&#x2d;Cr&#111;&#x73;&#x73;&#x2d;e&#82;&#105;&#x64;&#x65;-&#77;&#97;&#x6e;&#x2d;&#64;&#45;&#82;&#x65;&#x6e;tR&#105;&#x64;&#x65;&#x72;s&#46;&#80;&#x74;&#x2d;B&#105;&#107;&#x65;&#x73;-3&#48;&#x30;&#x78;&#x33;0&#48;&#x2e;&#x61;&#x76;i&#102; 300w, https:&#x2f;&#x2f;&#x77;&#x77;&#x77;&#x2e;&#114;&#101;&#110;&#116;ride&#x72;&#x73;&#x2e;&#x70;&#x74;&#x2f;&#119;&#112;&#45;&#99;&#111;nte&#x6e;&#x74;&#x2f;&#x75;&#x70;&#x6c;&#111;&#97;&#100;&#115;&#47;202&#x32;&#x2f;&#x30;&#x36;&#x2f;&#x53;&#x63;&#111;&#116;&#116;&#45;Sub-&#x43;&#x72;&#x6f;&#x73;&#x73;&#x2d;&#101;&#82;&#105;&#100;e-Ma&#x6e;&#x2d;&#x40;&#x2d;&#x52;&#x65;&#110;&#116;&#82;&#105;&#100;ers&#x2e;&#x50;&#x74;&#x2d;&#x42;&#x69;&#x6b;&#101;&#115;&#45;&#49;00x&#x31;&#x30;&#x30;&#x2e;&#x61;&#x76;&#x69;&#102; 100w, https:&#x2f;&#x2f;&#x77;&#119;&#119;&#46;r&#x65;&#x6e;&#x74;&#114;&#105;de&#x72;&#x73;&#x2e;&#112;&#116;\/w&#x70;&#x2d;&#x63;&#111;&#110;te&#x6e;&#x74;&#x2f;&#117;&#112;lo&#x61;&#x64;&#x73;&#47;&#50;&#48;2&#x32;&#x2f;&#x30;&#x36;&#47;&#83;c&#x6f;&#x74;&#x74;&#x2d;&#83;&#117;b-&#x43;&#x72;&#x6f;&#115;&#115;-e&#x52;&#x69;&#x64;&#101;&#45;Ma&#x6e;&#x2d;&#x40;&#45;&#82;en&#x74;&#x52;&#x69;&#100;&#101;rs&#x2e;&#x50;&#x74;&#45;&#66;&#105;k&#x65;&#x73;&#x2d;&#x31;&#53;&#48;x&#x31;&#x35;&#x30;&#x2e;&#97;&#118;if 150w, https:\/\/w&#119;&#119;&#46;&#114;&#x65;&#x6e;&#x74;&#x72;&#x69;&#x64;&#x65;rs&#46;&#112;&#116;&#47;&#119;&#112;&#x2d;&#x63;&#x6f;&#x6e;&#x74;&#x65;nt\/u&#112;&#108;&#111;&#97;&#x64;&#x73;&#x2f;&#x32;&#x30;&#x32;2\/06&#47;&#83;&#99;&#111;&#x74;&#x74;&#x2d;&#x53;&#x75;&#x62;&#x2d;Cro&#115;&#115;&#45;&#101;&#82;&#x69;&#x64;&#x65;&#x2d;&#x4d;&#x61;n-&#64;&#45;&#82;&#101;&#110;&#116;&#x52;&#x69;&#x64;&#x65;&#x72;&#x73;&#46;Pt-&#66;&#105;&#107;&#101;&#x73;&#x2d;&#x35;&#x31;&#x30;&#x78;&#x35;10&#46;&#97;&#118;&#105;&#102; 510w\" sizes=\"auto, (max-width: 300px) 100vw, 300px\" \/><h2 class=\"woocommerce-loop-product__title\">SCOTT &#8211; SUB CROSS E-RIDE<\/h2>\n\t<span class=\"price\">Max. <span class=\"woocommerce-Price-amount amount\"><bdi>38,50&nbsp;<span class=\"woocommerce-Price-currencySymbol\" translate=\"no\">&euro;<\/span><\/bdi><\/span> por 1 d\u00eda<\/span>\n<\/a><a href=\"https:\/\/www.rentriders.pt\/es\/produto\/scott-sub-cross-e-ride\/\" rel=\"nofollow\" class=\"button\">Rent &amp; Ride<\/a>\t<span id=\"woocommerce_loop_add_to_cart_link_describedby_12782\" class=\"screen-reader-text\">\n\t\tEste producto tiene m\u00faltiples variantes. Las opciones se pueden elegir en la p\u00e1gina de producto\t<\/span>\n<\/li>\n<\/ul>\n<\/div>\n<h5 style=\"text-align: center;\"><strong>SCOOTERS | MAXISCOOTERS | MOTOS<\/strong><\/h5>\n<p>&nbsp;<\/p>\n<div class=\"woocommerce columns-4 \"><ul class=\"products columns-4\">\n<li class=\"czr-hentry product type-product post-10970 status-publish first instock product_cat-aluguer-de-scooters-50cc-cat-a has-post-thumbnail sold-individually taxable shipping-taxable purchasable product-type-simple\">\n\t<a href=\"https:\/\/www.rentriders.pt\/es\/produto\/sym-orbit-iii-50cc\/\" class=\"woocommerce-LoopProduct-link woocommerce-loop-product__link\"><img loading=\"lazy\" decoding=\"async\" width=\"300\" height=\"300\" src=\"https:\/&#47;&#x77;&#x77;&#x77;&#46;&#114;&#x65;&#x6e;&#x74;r&#105;&#x64;&#x65;&#x72;s&#46;&#x70;&#x74;&#x2f;w&#112;&#x2d;&#x63;&#x6f;n&#116;&#x65;&#x6e;&#x74;\/&#117;&#x70;&#x6c;&#x6f;a&#100;&#x73;&#x2f;&#x32;0&#50;&#x33;&#x2f;&#x30;7&#47;&#x53;&#x79;&#x6d;-&#79;&#x72;&#x62;&#x69;t&#45;&#x35;&#x30;&#x63;c&#45;&#x40;&#x2d;&#x52;e&#110;&#x74;&#x52;&#x69;d&#101;&#x72;&#x73;&#x2e;P&#116;_-300x300.avif\" class=\"attachment-woocommerce_thumbnail size-woocommerce_thumbnail\" alt=\"Alquiler de Scooters en Lisboa Sym Orbit III 50i\" srcset=\"https:&#x2f;&#47;w&#x77;&#x77;&#46;r&#x65;&#x6e;&#116;r&#x69;&#100;e&#x72;&#x73;&#46;p&#x74;&#x2f;&#119;p&#x2d;&#99;&#111;&#x6e;&#x74;&#101;n&#x74;&#x2f;&#117;p&#x6c;&#111;&#97;d&#x73;&#47;2&#x30;&#x32;&#51;\/&#x30;&#x37;&#47;S&#x79;&#109;-&#x4f;&#x72;&#98;i&#x74;&#x2d;&#53;0&#x63;&#99;&#45;&#x40;&#x2d;&#82;e&#x6e;&#x74;&#82;i&#x64;&#x65;&#114;s&#x2e;&#80;t_-300x300.avif 300w, https:&#x2f;&#x2f;&#x77;&#119;&#119;&#46;re&#x6e;&#x74;&#x72;&#x69;&#100;&#101;rs&#x2e;&#x70;&#x74;&#x2f;&#119;&#112;-c&#x6f;&#x6e;&#x74;&#x65;&#110;&#116;&#47;up&#x6c;&#x6f;&#x61;&#x64;&#115;&#47;20&#x32;&#x33;&#x2f;&#x30;&#55;&#47;Sy&#x6d;&#x2d;&#x4f;&#x72;&#98;&#105;&#116;-5&#x30;&#x63;&#x63;&#x2d;&#64;&#45;Re&#x6e;&#x74;&#x52;&#x69;&#100;&#101;rs&#x2e;&#x50;&#x74;_-100x100.avif 100w, https:&#47;&#x2f;&#119;&#x77;&#119;&#x2e;&#114;&#x65;&#110;&#x74;&#114;&#x69;d&#x65;r&#x73;&#46;&#x70;t&#x2f;w&#x70;-&#99;&#x6f;&#110;&#x74;&#101;&#x6e;&#116;&#x2f;&#117;&#x70;&#108;&#x6f;&#97;&#x64;s&#x2f;2&#x30;2&#x33;\/&#x30;7&#x2f;S&#121;&#x6d;&#45;&#x4f;&#114;&#x62;&#105;&#x74;&#45;&#x35;&#48;&#x63;&#99;&#x2d;&#64;&#x2d;R&#x65;n&#x74;R&#x69;d&#x65;r&#115;&#x2e;&#80;&#x74;_-150x150.avif 150w, https:&#x2f;&#47;w&#x77;&#x77;&#46;r&#x65;&#x6e;&#116;r&#x69;&#100;e&#x72;&#x73;&#46;p&#x74;&#x2f;&#119;p&#x2d;&#99;&#111;&#x6e;&#x74;&#101;n&#x74;&#x2f;&#117;p&#x6c;&#111;&#97;d&#x73;&#47;2&#x30;&#x32;&#51;\/&#x30;&#x37;&#47;S&#x79;&#109;-&#x4f;&#x72;&#98;i&#x74;&#x2d;&#53;0&#x63;&#99;&#45;&#x40;&#x2d;&#82;e&#x6e;&#x74;&#82;i&#x64;&#x65;&#114;s&#x2e;&#80;t_-510x510.avif 510w\" sizes=\"auto, (max-width: 300px) 100vw, 300px\" \/><h2 class=\"woocommerce-loop-product__title\">SYM \u2013 ORBIT III 50<\/h2>\n\t<span class=\"price\">Max. <span class=\"woocommerce-Price-amount amount\"><bdi>38,50&nbsp;<span class=\"woocommerce-Price-currencySymbol\" translate=\"no\">&euro;<\/span><\/bdi><\/span> por 1 d\u00eda<\/span>\n<\/a><a href=\"https:\/\/www.rentriders.pt\/es\/produto\/sym-orbit-iii-50cc\/\" rel=\"nofollow\" class=\"button\">Rent &amp; Ride<\/a>\t<span id=\"woocommerce_loop_add_to_cart_link_describedby_10970\" class=\"screen-reader-text\">\n\t\t\t<\/span>\n<\/li>\n<li class=\"czr-hentry product type-product post-10979 status-publish instock product_cat-aluguer-de-scooters-110cc-cat-b has-post-thumbnail sold-individually taxable shipping-taxable purchasable product-type-simple\">\n\t<a href=\"https:\/\/www.rentriders.pt\/es\/produto\/honda-vision-110cc\/\" class=\"woocommerce-LoopProduct-link woocommerce-loop-product__link\"><img loading=\"lazy\" decoding=\"async\" width=\"300\" height=\"300\" src=\"https:&#x2f;&#x2f;&#x77;&#x77;&#x77;&#x2e;&#x72;&#x65;&#x6e;&#x74;&#x72;&#x69;&#x64;&#x65;&#x72;&#x73;&#x2e;&#x70;&#x74;&#x2f;&#x77;&#x70;&#x2d;&#x63;&#x6f;&#x6e;&#x74;&#x65;&#x6e;&#x74;&#x2f;&#x75;&#x70;&#x6c;&#x6f;&#x61;&#x64;&#x73;&#x2f;&#x32;&#x30;&#x32;&#x33;&#x2f;&#48;&#55;&#47;&#72;&#111;&#110;&#100;&#97;&#45;&#86;&#105;&#115;&#105;&#111;&#110;&#45;&#49;&#49;&#48;&#99;&#99;&#45;&#64;&#45;&#82;&#101;&#110;&#116;&#82;&#105;&#100;ers&#46;Pt_-300x300.avif\" class=\"attachment-woocommerce_thumbnail size-woocommerce_thumbnail\" alt=\"Alquiler de Scooter Honda Vision 110CC CBS en Lisboa @ Rentriders.Pt\" srcset=\"https:&#47;\/&#x77;w&#x77;&#46;&#x72;e&#x6e;&#116;&#x72;&#105;&#x64;&#101;&#x72;&#115;&#46;&#112;t&#x2f;w&#x70;-&#x63;&#111;&#x6e;&#116;&#x65;&#110;&#x74;&#47;&#x75;&#112;l&#111;a&#x64;s&#x2f;2&#x30;&#50;&#x33;&#47;&#x30;&#55;&#x2f;&#72;&#x6f;&#110;d&#x61;-&#x56;i&#x73;i&#x6f;&#110;&#x2d;&#49;&#x31;&#48;&#x63;&#99;&#x2d;&#64;-&#x52;e&#x6e;t&#x52;i&#x64;&#101;&#x72;&#115;&#x2e;&#80;&#x74;_-300x300.avif 300w, https:&#x2f;&#x2f;&#x77;&#x77;&#x77;&#x2e;&#114;&#101;&#110;&#116;ride&#x72;&#x73;&#x2e;&#x70;&#x74;&#x2f;&#119;&#112;&#45;&#99;&#111;nte&#x6e;&#x74;&#x2f;&#x75;&#x70;&#x6c;&#111;&#97;&#100;&#115;&#47;202&#x33;&#x2f;&#x30;&#x37;&#x2f;&#x48;&#x6f;&#110;&#100;&#97;&#45;Visi&#x6f;&#x6e;&#x2d;&#x31;&#x31;&#x30;&#99;&#99;&#45;&#64;-Ren&#x74;&#x52;&#x69;&#x64;&#x65;&#x72;&#115;&#46;&#80;&#116;_-100x100.avif 100w, https:&#x2f;&#47;w&#x77;&#119;&#46;&#x72;&#101;n&#x74;&#114;i&#x64;&#101;r&#x73;&#x2e;p&#x74;&#x2f;&#119;&#x70;&#x2d;&#99;&#x6f;&#x6e;&#116;e&#x6e;&#116;\/&#x75;&#112;l&#x6f;&#97;d&#x73;&#47;2&#x30;&#x32;3&#x2f;&#x30;&#55;&#x2f;&#x48;&#111;&#x6e;&#x64;&#97;-&#x56;&#105;s&#x69;&#111;n&#x2d;&#49;1&#x30;&#99;c&#x2d;&#x40;-&#x52;&#x65;&#110;&#x74;&#x52;&#105;&#x64;&#x65;&#114;s&#x2e;&#80;t_-150x150.avif 150w, https:&#47;&#x2f;&#x77;w&#119;&#x2e;&#x72;e&#110;&#x74;r&#105;&#x64;&#x65;r&#115;&#x2e;p&#116;&#x2f;&#x77;p&#45;&#x63;&#x6f;&#110;&#x74;&#x65;n&#116;&#x2f;&#x75;p&#108;&#x6f;a&#100;&#x73;&#x2f;2&#48;&#x32;3&#47;&#x30;&#x37;\/&#72;&#x6f;&#x6e;&#100;&#x61;&#x2d;V&#105;&#x73;&#x69;o&#110;&#x2d;1&#49;&#x30;&#x63;c&#45;&#x40;-&#82;&#x65;&#x6e;t&#82;&#x69;&#x64;&#101;&#x72;&#x73;&#46;&#80;&#x74;_-510x510.avif 510w\" sizes=\"auto, (max-width: 300px) 100vw, 300px\" \/><h2 class=\"woocommerce-loop-product__title\">HONDA \u2013 VISION 110<\/h2>\n\t<span class=\"price\">Max. <span class=\"woocommerce-Price-amount amount\"><bdi>38,50&nbsp;<span class=\"woocommerce-Price-currencySymbol\" translate=\"no\">&euro;<\/span><\/bdi><\/span> por 1 d\u00eda<\/span>\n<\/a><a href=\"https:\/\/www.rentriders.pt\/es\/produto\/honda-vision-110cc\/\" rel=\"nofollow\" class=\"button\">Rent &amp; Ride<\/a>\t<span id=\"woocommerce_loop_add_to_cart_link_describedby_10979\" class=\"screen-reader-text\">\n\t\t\t<\/span>\n<\/li>\n<li class=\"czr-hentry product type-product post-10980 status-publish instock product_cat-aluguer-de-scooters-125cc-cat-c has-post-thumbnail sale sold-individually taxable shipping-taxable purchasable product-type-simple\">\n\t<a href=\"https:\/\/www.rentriders.pt\/es\/produto\/honda-sh-mode-125cc-2-2\/\" class=\"woocommerce-LoopProduct-link woocommerce-loop-product__link\">\n\t<span class=\"onsale\">\u00a1Oferta!<\/span>\n\t<img loading=\"lazy\" decoding=\"async\" width=\"300\" height=\"300\" src=\"https:&#x2f;&#47;w&#x77;&#119;&#46;&#x72;&#101;n&#x74;&#114;i&#x64;&#101;r&#x73;&#46;p&#x74;&#47;w&#x70;&#45;c&#x6f;&#110;t&#x65;&#110;t&#x2f;&#117;p&#x6c;&#111;a&#x64;&#115;\/&#x32;&#48;2&#x33;&#47;0&#x37;&#47;H&#x6f;&#110;d&#x61;&#45;S&#x48;&#45;1&#x32;&#53;-&#x54;&#111;p&#x2d;&#67;a&#x73;&#x65;&#46;&#x2d;&#x40;-&#x52;&#x65;&#110;&#x74;&#x52;&#105;&#x64;&#x65;&#114;&#x73;&#x2e;&#80;&#x74;&#x6a;&#112;&#x67;_-300x300.avif\" class=\"attachment-woocommerce_thumbnail size-woocommerce_thumbnail\" alt=\"Alquile una Scooter Honda SHi 125cc y descubre Lisboa\" srcset=\"https:&#47;&#47;&#x77;w&#119;&#x2e;&#x72;e&#110;&#x74;&#x72;i&#100;&#x65;r&#115;&#x2e;&#x70;t&#47;&#x77;&#x70;-&#99;&#x6f;n&#116;&#x65;&#x6e;t&#47;&#x75;&#x70;l&#111;&#x61;&#x64;&#115;&#47;&#x32;0&#50;&#x33;&#x2f;0&#55;&#x2f;&#x48;o&#110;&#x64;a&#45;&#x53;&#x48;-&#49;&#x32;&#x35;-&#84;&#x6f;p&#45;&#67;&#x61;s&#101;&#x2e;&#x2d;&#64;&#45;&#x52;&#x65;&#110;&#116;&#x52;i&#100;&#x65;&#x72;s&#46;&#x50;&#x74;j&#112;&#x67;_-300x300.avif 300w, https:&#47;&#x2f;&#x77;w&#119;&#x2e;r&#101;&#x6e;&#x74;&#114;&#x69;&#x64;e&#114;&#x73;&#46;&#112;&#x74;&#x2f;&#119;&#x70;&#x2d;c&#111;&#x6e;t&#101;&#x6e;&#x74;&#47;&#x75;&#x70;l&#111;&#x61;d&#115;&#x2f;&#x32;&#48;&#x32;&#x33;\/&#48;&#x37;\/&#72;&#x6f;&#x6e;&#100;&#x61;&#x2d;S&#72;&#x2d;1&#50;&#x35;&#x2d;&#84;&#x6f;&#x70;-&#67;&#x61;s&#101;&#x2e;&#x2d;&#64;&#x2d;&#x52;e&#110;&#x74;R&#105;&#x64;&#x65;&#114;&#x73;&#x2e;P&#116;&#x6a;p&#103;_-100x100.avif 100w, https:&#x2f;&#x2f;&#119;ww&#x2e;&#x72;&#101;&#110;t&#x72;&#x69;&#100;&#101;r&#x73;&#x2e;&#x70;&#116;\/w&#x70;&#x2d;&#99;&#111;n&#x74;&#x65;&#110;&#116;\/&#x75;&#x70;&#108;&#111;a&#x64;&#x73;&#x2f;&#50;02&#x33;&#x2f;&#48;&#55;\/&#x48;&#x6f;&#110;&#100;a&#x2d;&#x53;&#72;&#45;1&#x32;&#x35;&#x2d;&#84;op&#x2d;&#x43;&#97;&#115;e&#x2e;&#x2d;&#64;&#45;R&#x65;&#x6e;&#x74;&#82;i&#x64;&#x65;&#x72;&#115;&#46;P&#x74;&#x6a;&#112;&#103;_-150x150.avif 150w, https:&#47;\/&#x77;w&#x77;&#46;&#x72;e&#x6e;&#116;&#x72;&#105;&#x64;&#101;&#x72;&#115;&#46;&#112;t&#x2f;w&#x70;-&#x63;&#111;&#x6e;&#116;&#x65;&#110;&#x74;&#47;&#x75;&#112;l&#111;a&#x64;s&#x2f;2&#x30;&#50;&#x33;&#47;&#x30;&#55;&#x2f;&#72;&#x6f;&#110;d&#x61;-&#x53;H&#x2d;1&#x32;&#53;&#x2d;&#84;&#x6f;&#112;&#x2d;&#67;&#x61;&#115;e&#x2e;-&#x40;-&#x52;e&#x6e;&#116;&#x52;&#105;&#x64;&#101;&#x72;&#115;&#x2e;&#80;t&#x6a;p&#x67;_-510x510.avif 510w\" sizes=\"auto, (max-width: 300px) 100vw, 300px\" \/><h2 class=\"woocommerce-loop-product__title\">HONDA &#8211; SH MODE 125<\/h2>\n\t<span class=\"price\">Max. <span class=\"woocommerce-Price-amount amount\"><bdi>42,50&nbsp;<span class=\"woocommerce-Price-currencySymbol\" translate=\"no\">&euro;<\/span><\/bdi><\/span> por 1 d\u00eda<\/span>\n<\/a><a href=\"https:\/\/www.rentriders.pt\/es\/produto\/honda-sh-mode-125cc-2-2\/\" rel=\"nofollow\" class=\"button\">Rent &amp; Ride<\/a>\t<span id=\"woocommerce_loop_add_to_cart_link_describedby_10980\" class=\"screen-reader-text\">\n\t\t\t<\/span>\n<\/li>\n<li class=\"czr-hentry product type-product post-10982 status-publish last instock product_cat-aluguer-de-scooters-125cc-cat-c1 has-post-thumbnail sold-individually taxable shipping-taxable purchasable product-type-simple\">\n\t<a href=\"https:\/\/www.rentriders.pt\/es\/produto\/honda-shi-125cc\/\" class=\"woocommerce-LoopProduct-link woocommerce-loop-product__link\"><img loading=\"lazy\" decoding=\"async\" width=\"300\" height=\"300\" src=\"https:&#x2f;&#x2f;&#x77;&#119;&#119;&#46;r&#x65;&#x6e;&#x74;&#114;&#105;de&#x72;&#x73;&#x2e;&#112;&#116;\/w&#x70;&#x2d;&#x63;&#111;&#110;te&#x6e;&#x74;&#x2f;&#117;&#112;lo&#x61;&#x64;&#x73;&#47;&#50;&#48;2&#x33;&#x2f;&#x30;&#x37;&#47;&#72;o&#x6e;&#x64;&#x61;&#x2d;&#83;&#72;12&#x35;&#x69;&#x2d;&#95;&#45;Sc&#x6f;&#x6f;&#x74;&#101;&#114;-d&#x65;&#x2d;&#x31;&#50;&#53;cc&#x2d;&#x40;&#x2d;&#82;&#101;nt&#x52;&#x69;&#x64;&#101;&#114;&#115;&#46;&#x50;&#x74;_-300x300.avif\" class=\"attachment-woocommerce_thumbnail size-woocommerce_thumbnail\" alt=\"Alquile una Scooter Executiva Honda SHi 125cc y descubre Lisboa\" srcset=\"https:&#x2f;&#47;&#x77;&#x77;&#119;&#x2e;&#x72;&#101;&#x6e;&#x74;&#114;&#x69;&#x64;e&#x72;&#x73;&#46;&#x70;&#116;\/&#x77;&#112;-&#x63;&#111;n&#x74;&#101;n&#x74;&#47;u&#x70;&#108;o&#x61;&#100;s&#x2f;&#50;0&#x32;&#51;\/&#x30;&#55;\/&#x48;&#111;&#x6e;&#x64;&#97;&#x2d;&#x53;&#72;&#x31;&#x32;&#53;&#x69;&#x2d;&#95;&#x2d;&#x53;c&#x6f;&#x6f;t&#x65;&#114;-&#x64;&#101;-&#x31;&#50;5&#x63;&#99;-&#x40;&#45;R&#x65;&#110;t&#x52;&#105;d&#x65;&#114;s&#x2e;&#80;t_-300x300.avif 300w, https:\/&#47;&#x77;&#x77;&#x77;&#46;&#114;&#101;&#x6e;&#x74;r&#105;&#100;&#x65;&#x72;s&#46;&#112;&#x74;&#x2f;&#x77;p&#45;&#x63;&#x6f;&#x6e;t&#101;&#110;&#x74;&#x2f;u&#112;&#108;&#x6f;&#x61;ds&#47;&#x32;&#x30;&#x32;3&#47;&#48;&#x37;&#x2f;H&#111;&#110;&#x64;&#x61;-&#83;&#72;&#x31;&#x32;5i&#45;&#x5f;&#x2d;&#x53;c&#111;&#111;&#x74;&#x65;r&#45;&#100;&#x65;&#x2d;1&#50;&#53;&#x63;&#x63;-&#64;&#45;&#x52;&#x65;&#x6e;t&#82;&#105;&#x64;&#x65;r&#115;&#46;&#x50;&#x74;_-100x100.avif 100w, https:&#47;&#x2f;&#119;&#x77;w&#x2e;r&#101;&#x6e;&#116;&#x72;&#105;&#x64;e&#x72;s&#46;&#x70;&#116;&#x2f;w&#x70;-&#x63;&#x6f;&#110;&#x74;&#101;&#x6e;t&#x2f;u&#112;&#x6c;&#111;&#x61;&#100;&#x73;\/&#x32;0&#50;&#x33;&#47;&#x30;7&#x2f;H&#x6f;&#x6e;&#100;&#x61;&#45;&#x53;H&#x31;2&#53;&#x69;&#45;&#x5f;&#45;&#x53;c&#x6f;o&#116;&#x65;&#114;&#x2d;d&#x65;-&#x31;&#x32;&#53;&#x63;&#99;&#x2d;&#64;&#x2d;R&#101;&#x6e;&#116;&#x52;&#105;&#x64;e&#x72;s&#46;&#x50;&#116;_-150x150.avif 150w, https:&#x2f;\/&#x77;w&#x77;&#46;&#x72;&#101;n&#x74;r&#x69;&#100;&#x65;&#114;&#x73;&#46;p&#x74;\/&#x77;&#112;&#x2d;&#99;&#x6f;&#x6e;t&#x65;n&#x74;&#47;&#x75;&#112;l&#x6f;a&#x64;&#115;&#x2f;&#50;&#x30;&#50;3&#x2f;0&#x37;&#47;&#x48;&#111;&#x6e;&#x64;a&#x2d;S&#x48;&#49;&#x32;&#53;i&#x2d;_&#x2d;&#83;&#x63;&#111;&#x6f;&#116;e&#x72;-&#x64;&#101;&#x2d;&#49;&#x32;&#x35;c&#x63;-&#x40;&#45;&#x52;&#101;n&#x74;R&#x69;&#100;&#x65;&#114;&#x73;&#46;P&#x74;_-510x510.avif 510w\" sizes=\"auto, (max-width: 300px) 100vw, 300px\" \/><h2 class=\"woocommerce-loop-product__title\">HONDA &#8211; SHi 125<\/h2>\n\t<span class=\"price\">Max. <span class=\"woocommerce-Price-amount amount\"><bdi>48,50&nbsp;<span class=\"woocommerce-Price-currencySymbol\" translate=\"no\">&euro;<\/span><\/bdi><\/span> por 1 d\u00eda<\/span>\n<\/a><a href=\"https:\/\/www.rentriders.pt\/es\/produto\/honda-shi-125cc\/\" rel=\"nofollow\" class=\"button\">Rent &amp; Ride<\/a>\t<span id=\"woocommerce_loop_add_to_cart_link_describedby_10982\" class=\"screen-reader-text\">\n\t\t\t<\/span>\n<\/li>\n<li class=\"czr-hentry product type-product post-13700 status-publish first instock product_cat-aluguer-de-maxiscooters-300cc-cat-d has-post-thumbnail sale taxable shipping-taxable purchasable product-type-simple\">\n\t<a href=\"https:\/\/www.rentriders.pt\/es\/produto\/honda-adv-350cc\/\" class=\"woocommerce-LoopProduct-link woocommerce-loop-product__link\">\n\t<span class=\"onsale\">\u00a1Oferta!<\/span>\n\t<img loading=\"lazy\" decoding=\"async\" width=\"300\" height=\"300\" src=\"https:\/\/www.rentriders.pt\/wp-content\/uploads\/2023\/07\/Honda-ADV-350-Rentriders.Pt-Produto-1-300x300.avif\" class=\"attachment-woocommerce_thumbnail size-woocommerce_thumbnail\" alt=\"Honda ADV 350 RentRiders.Pt\" srcset=\"https:\/\/www.rentriders.pt\/wp-content\/uploads\/2023\/07\/Honda-ADV-350-Rentriders.Pt-Produto-1-300x300.avif 300w, https:\/\/www.rentriders.pt\/wp-content\/uploads\/2023\/07\/Honda-ADV-350-Rentriders.Pt-Produto-1-100x100.avif 100w, https:\/\/www.rentriders.pt\/wp-content\/uploads\/2023\/07\/Honda-ADV-350-Rentriders.Pt-Produto-1-150x150.avif 150w, https:\/\/www.rentriders.pt\/wp-content\/uploads\/2023\/07\/Honda-ADV-350-Rentriders.Pt-Produto-1-510x510.avif 510w\" sizes=\"auto, (max-width: 300px) 100vw, 300px\" \/><h2 class=\"woocommerce-loop-product__title\">HONDA &#8211; ADV 350<\/h2>\n\t<span class=\"price\">Max. <span class=\"woocommerce-Price-amount amount\"><bdi>68,50&nbsp;<span class=\"woocommerce-Price-currencySymbol\" translate=\"no\">&euro;<\/span><\/bdi><\/span> por 1 d\u00eda<\/span>\n<\/a><a href=\"https:\/\/www.rentriders.pt\/es\/produto\/honda-adv-350cc\/\" rel=\"nofollow\" class=\"button\">Rent &amp; Ride<\/a>\t<span id=\"woocommerce_loop_add_to_cart_link_describedby_13700\" class=\"screen-reader-text\">\n\t\t\t<\/span>\n<\/li>\n<li class=\"czr-hentry product type-product post-10985 status-publish instock product_cat-aluguer-de-motos-500cc-cat-e has-post-thumbnail sale taxable shipping-taxable purchasable product-type-simple\">\n\t<a href=\"https:\/\/www.rentriders.pt\/es\/produto\/honda-cb500x-500cc\/\" class=\"woocommerce-LoopProduct-link woocommerce-loop-product__link\">\n\t<span class=\"onsale\">\u00a1Oferta!<\/span>\n\t<img loading=\"lazy\" decoding=\"async\" width=\"300\" height=\"300\" src=\"https:&#x2f;&#47;w&#x77;&#119;&#46;&#x72;&#x65;&#110;t&#x72;&#105;d&#x65;&#x72;&#115;&#46;&#x70;&#116;\/&#x77;&#x70;&#45;c&#x6f;&#110;t&#x65;&#x6e;&#116;\/&#x75;&#112;l&#x6f;&#x61;&#100;&#x73;&#x2f;&#50;0&#x32;&#48;\/&#x30;&#x37;&#47;H&#x6f;&#110;d&#x61;&#x2d;&#67;B&#x35;&#48;0&#x58;&#x2d;&#64;-&#x52;&#101;n&#x74;&#x52;&#105;&#x64;&#x65;&#114;s&#x2e;&#80;&#116;_-300x300.avif\" class=\"attachment-woocommerce_thumbnail size-woocommerce_thumbnail\" alt=\"Alquiler de Motos Honda CB500X en Lisboa\" srcset=\"https:&#47;\/&#x77;w&#x77;&#46;&#x72;e&#x6e;&#116;&#x72;&#105;&#x64;&#101;&#x72;&#115;&#46;&#112;t&#x2f;w&#x70;-&#x63;&#111;&#x6e;&#116;&#x65;&#110;&#x74;&#47;&#x75;&#112;l&#111;a&#x64;s&#x2f;2&#x30;&#50;&#x30;&#47;&#x30;&#55;&#x2f;&#72;&#x6f;&#110;d&#x61;-&#x43;B&#x35;0&#x30;&#88;&#x2d;&#64;&#x2d;&#82;&#x65;&#110;&#x74;&#82;i&#x64;e&#x72;s&#x2e;P&#x74;_-300x300.avif 300w, https:&#47;&#x2f;w&#119;&#x77;&#46;&#114;&#x65;n&#116;&#x72;i&#100;&#x65;&#114;&#x73;&#x2e;&#112;&#x74;&#x2f;&#119;&#x70;-&#99;&#x6f;n&#116;&#x65;n&#116;&#x2f;u&#112;&#x6c;&#111;&#x61;&#x64;&#115;&#x2f;&#x32;&#48;&#x32;0&#47;&#x30;7&#47;&#x48;o&#110;&#x64;a&#45;&#x43;&#66;&#x35;&#x30;&#48;&#x58;&#x2d;&#64;&#x2d;R&#101;&#x6e;t&#82;&#x69;d&#101;&#x72;s&#46;&#x50;&#116;_-100x100.avif 100w, https:&#x2f;&#47;&#x77;&#x77;&#119;&#x2e;&#x72;&#101;&#x6e;&#x74;&#114;&#x69;&#x64;e&#x72;&#x73;&#46;&#x70;&#116;\/&#x77;&#112;-&#x63;&#111;n&#x74;&#101;n&#x74;&#47;u&#x70;&#108;o&#x61;&#100;s&#x2f;&#50;0&#x32;&#48;\/&#x30;&#55;\/&#x48;&#111;&#x6e;&#x64;&#97;&#x2d;&#x43;&#66;&#x35;&#x30;&#48;&#x58;&#x2d;&#64;&#x2d;&#x52;e&#x6e;&#x74;R&#x69;&#100;e&#x72;&#115;&#46;&#x50;&#116;_-150x150.avif 150w, https:&#47;&#47;&#x77;w&#119;&#x2e;&#x72;e&#110;&#x74;&#x72;i&#100;&#x65;&#x72;s&#46;&#x70;&#x74;\/&#119;&#x70;&#x2d;c&#111;&#x6e;t&#101;&#110;&#x74;\/&#117;&#x70;&#x6c;o&#97;&#x64;&#x73;\/&#50;&#x30;&#x32;0&#47;&#x30;&#x37;\/&#72;&#x6f;&#x6e;&#100;&#97;&#x2d;C&#66;&#x35;&#x30;0&#88;&#x2d;&#x40;-&#82;&#x65;&#x6e;t&#82;&#x69;&#x64;e&#114;&#x73;&#x2e;P&#116;_-510x510.avif 510w\" sizes=\"auto, (max-width: 300px) 100vw, 300px\" \/><h2 class=\"woocommerce-loop-product__title\">HONDA &#8211; CB 500X<\/h2>\n\t<span class=\"price\">Max. <span class=\"woocommerce-Price-amount amount\"><bdi>74,50&nbsp;<span class=\"woocommerce-Price-currencySymbol\" translate=\"no\">&euro;<\/span><\/bdi><\/span> por 1 d\u00eda<\/span>\n<\/a><a href=\"https:\/\/www.rentriders.pt\/es\/produto\/honda-cb500x-500cc\/\" rel=\"nofollow\" class=\"button\">Rent &amp; Ride<\/a>\t<span id=\"woocommerce_loop_add_to_cart_link_describedby_10985\" class=\"screen-reader-text\">\n\t\t\t<\/span>\n<\/li>\n<li class=\"czr-hentry product type-product post-10986 status-publish instock product_cat-aluguer-de-motos-750cc-cat-f has-post-thumbnail sold-individually taxable shipping-taxable purchasable product-type-simple\">\n\t<a href=\"https:\/\/www.rentriders.pt\/es\/produto\/moto-guzzi-750cc\/\" class=\"woocommerce-LoopProduct-link woocommerce-loop-product__link\"><img loading=\"lazy\" decoding=\"async\" width=\"300\" height=\"300\" src=\"https:&#x2f;&#x2f;&#x77;&#x77;&#x77;&#x2e;&#x72;&#x65;&#x6e;&#x74;&#x72;&#x69;&#x64;&#x65;&#114;&#115;&#46;&#112;&#116;&#47;&#119;&#112;&#45;&#99;&#111;ntent\/up&#x6c;&#x6f;&#x61;&#x64;&#x73;&#x2f;&#x32;&#x30;&#x32;&#x33;&#x2f;&#x30;&#x37;&#x2f;&#x4d;&#111;&#116;&#111;&#45;&#71;&#117;&#122;&#122;&#105;&#45;V7-II-Sp&#x65;&#x63;&#x69;&#x61;&#x6c;&#x2d;&#x40;&#x2d;&#x52;&#x65;&#x6e;&#x74;&#x52;&#x69;&#x64;&#101;&#114;&#115;&#46;&#80;&#116;_-300x300.avif\" class=\"attachment-woocommerce_thumbnail size-woocommerce_thumbnail\" alt=\"Alquiler de Moto Guzzi en Lisboa @ RenRiders.Pt\" srcset=\"https:&#47;\/&#x77;w&#x77;&#46;&#x72;&#101;&#x6e;&#116;r&#x69;d&#x65;&#114;&#x73;&#46;&#x70;&#116;&#x2f;&#119;p&#x2d;c&#x6f;&#110;&#x74;&#101;&#x6e;&#116;\/&#x75;p&#x6c;&#111;&#x61;&#100;&#x73;&#47;&#x32;&#48;2&#x33;\/&#x30;&#55;&#x2f;&#77;&#x6f;&#116;o&#x2d;G&#x75;&#122;&#x7a;&#105;&#x2d;&#86;&#x37;&#45;I&#x49;-&#x53;&#112;&#x65;&#99;&#x69;&#97;l&#x2d;&#64;&#x2d;&#82;&#x65;&#110;&#x74;&#82;&#x69;&#100;e&#x72;s&#x2e;&#80;&#x74;_-300x300.avif 300w, https:&#47;&#x2f;w&#119;&#x77;&#46;&#x72;&#x65;&#110;&#x74;r&#105;&#x64;e&#114;&#x73;&#46;&#x70;t&#47;&#x77;p&#45;&#x63;&#111;&#x6e;&#x74;&#101;&#x6e;t&#47;&#x75;p&#x6c;&#x6f;&#97;&#x64;s&#47;&#x32;0&#50;&#x33;&#47;&#x30;7&#47;&#x4d;o&#116;&#x6f;-&#x47;&#x75;&#122;&#x7a;i&#45;&#x56;7&#x2d;&#x49;&#73;&#x2d;S&#112;&#x65;c&#105;&#x61;&#108;&#x2d;&#64;&#45;&#x52;e&#110;&#x74;R&#x69;&#x64;&#101;&#x72;s&#46;&#x50;t_-100x100.avif 100w, https:&#47;&#47;&#x77;&#x77;&#119;&#46;&#x72;&#x65;&#110;&#116;&#x72;&#x69;&#100;&#101;&#x72;&#x73;&#46;&#112;&#x74;&#x2f;&#119;&#112;&#x2d;&#x63;&#111;&#110;&#x74;&#x65;&#110;&#116;&#x2f;&#x75;&#112;&#108;&#x6f;&#x61;&#100;&#115;&#x2f;&#x32;&#48;&#50;&#x33;&#x2f;&#48;&#55;&#x2f;&#x4d;&#111;&#116;&#x6f;&#x2d;&#71;&#117;&#x7a;&#x7a;&#105;&#45;&#x56;&#x37;&#45;&#73;&#x49;&#x2d;&#83;&#112;&#x65;&#x63;&#105;&#97;&#x6c;&#x2d;&#64;&#45;&#x52;&#x65;&#110;&#116;&#x52;&#x69;&#100;&#101;&#x72;&#x73;&#46;&#80;&#x74;_-150x150.avif 150w, https:&#x2f;&#47;w&#x77;&#119;&#46;&#x72;&#101;n&#x74;&#114;i&#x64;&#101;r&#x73;&#46;p&#x74;&#47;w&#x70;&#45;c&#x6f;&#110;t&#x65;&#110;t&#x2f;&#117;p&#x6c;&#111;a&#x64;&#115;\/&#x32;&#48;2&#x33;&#47;0&#x37;&#47;M&#x6f;&#116;o&#x2d;&#71;u&#x7a;&#122;i&#x2d;&#86;7&#x2d;&#73;I&#x2d;&#83;p&#x65;&#x63;i&#x61;&#x6c;-&#x40;&#x2d;&#82;&#x65;&#x6e;&#116;&#x52;&#x69;&#100;&#x65;&#x72;&#115;&#x2e;&#x50;&#116;_-510x510.avif 510w\" sizes=\"auto, (max-width: 300px) 100vw, 300px\" \/><h2 class=\"woocommerce-loop-product__title\">MOTO GUZZI &#8211; V7 II SPECIAL 750<\/h2>\n\t<span class=\"price\">Max. <span class=\"woocommerce-Price-amount amount\"><bdi>94,50&nbsp;<span class=\"woocommerce-Price-currencySymbol\" translate=\"no\">&euro;<\/span><\/bdi><\/span> por 1 d\u00eda<\/span>\n<\/a><a href=\"https:\/\/www.rentriders.pt\/es\/produto\/moto-guzzi-750cc\/\" rel=\"nofollow\" class=\"button\">Rent &amp; Ride<\/a>\t<span id=\"woocommerce_loop_add_to_cart_link_describedby_10986\" class=\"screen-reader-text\">\n\t\t\t<\/span>\n<\/li>\n<li class=\"czr-hentry product type-product post-11621 status-publish last instock product_cat-aluguer-de-motos-900cc-cat-g has-post-thumbnail taxable shipping-taxable purchasable product-type-simple\">\n\t<a href=\"https:\/\/www.rentriders.pt\/es\/produto\/yamaha-tracer-900-gt\/\" class=\"woocommerce-LoopProduct-link woocommerce-loop-product__link\"><img loading=\"lazy\" decoding=\"async\" width=\"300\" height=\"300\" src=\"https:&#x2f;&#47;w&#x77;&#x77;&#46;r&#x65;&#110;t&#x72;&#x69;&#100;e&#x72;&#115;&#46;&#x70;&#x74;&#47;w&#x70;&#x2d;&#99;&#x6f;&#x6e;&#116;e&#x6e;&#x74;&#47;u&#x70;&#108;o&#x61;&#x64;&#115;\/&#x32;&#48;2&#x30;&#x2f;&#48;8&#x2f;&#x59;&#97;&#x6d;&#x61;&#104;a&#x2d;&#x54;&#82;A&#x43;&#69;R&#x2d;&#x39;&#48;0&#x47;&#84;-&#x40;&#x2d;&#82;e&#x6e;&#x74;&#82;&#x69;&#x64;&#101;r&#x73;&#x2e;&#80;t_-300x300.avif\" class=\"attachment-woocommerce_thumbnail size-woocommerce_thumbnail\" alt=\"Alquiler de Motos Yamaha Tracer 900 GT en Lisboa\" srcset=\"https:&#x2f;&#47;w&#x77;&#119;&#46;&#x72;&#x65;&#110;&#x74;&#x72;&#105;d&#x65;&#114;s&#x2e;&#x70;&#116;&#x2f;&#x77;&#112;-&#x63;&#111;n&#x74;&#x65;&#110;&#x74;&#x2f;&#117;p&#x6c;&#111;a&#x64;&#x73;&#47;&#x32;&#x30;&#50;0&#x2f;&#48;8&#x2f;&#x59;&#97;&#x6d;&#x61;&#104;a&#x2d;&#84;R&#x41;&#x43;&#69;&#x52;&#x2d;&#57;0&#x30;&#71;T&#x2d;&#x40;&#45;&#x52;&#x65;&#110;t&#x52;&#105;d&#x65;&#x72;&#115;&#x2e;&#x50;&#116;_-300x300.avif 300w, https:&#47;&#x2f;&#119;&#x77;&#119;&#x2e;&#114;&#x65;&#110;&#x74;&#114;&#x69;d&#x65;r&#x73;&#46;&#x70;t&#x2f;w&#x70;-&#99;&#x6f;&#110;&#x74;&#101;&#x6e;&#116;&#x2f;&#117;&#x70;&#108;&#x6f;&#97;&#x64;s&#x2f;2&#x30;2&#x30;\/&#x30;8&#x2f;Y&#97;&#x6d;&#97;&#x68;&#97;&#x2d;&#84;&#x52;&#65;&#x43;&#69;&#x52;&#45;&#x39;0&#x30;G&#x54;-&#x40;-&#x52;e&#x6e;t&#82;&#x69;&#100;&#x65;&#114;&#x73;&#46;&#x50;&#116;_-100x100.avif 100w, https:\/\/&#119;&#119;&#119;&#46;&#x72;&#x65;&#x6e;&#x74;&#x72;id&#101;&#114;&#115;&#46;&#x70;&#x74;&#x2f;&#x77;&#x70;-c&#111;&#110;&#116;&#101;&#x6e;&#x74;&#x2f;&#x75;&#x70;loa&#100;&#115;&#47;&#x32;&#x30;&#x32;&#x30;&#x2f;08\/&#89;&#97;&#109;&#x61;&#x68;&#x61;&#x2d;&#x54;RAC&#69;&#82;&#45;&#x39;&#x30;&#x30;&#x47;&#x54;-&#64;-&#82;&#101;&#110;&#x74;&#x52;&#x69;&#x64;&#x65;rs&#46;&#80;&#116;_-150x150.avif 150w, https:&#47;&#x2f;&#119;&#x77;&#119;&#x2e;&#114;&#x65;&#110;&#x74;&#114;&#x69;&#100;&#x65;&#114;&#x73;&#46;&#x70;&#116;&#x2f;&#119;&#x70;&#45;&#x63;&#111;&#x6e;t&#x65;n&#x74;\/&#x75;p&#x6c;o&#x61;d&#x73;\/&#x32;0&#x32;0&#x2f;0&#56;\/&#89;a&#109;&#x61;&#104;&#x61;&#45;&#x54;&#82;&#x41;&#67;&#x45;&#82;&#x2d;&#57;&#x30;&#48;&#x47;&#84;&#x2d;&#64;&#x2d;&#82;&#x65;&#110;&#x74;&#82;&#x69;d&#x65;r&#x73;&#46;&#x50;t_-510x510.avif 510w\" sizes=\"auto, (max-width: 300px) 100vw, 300px\" \/><h2 class=\"woocommerce-loop-product__title\">YAMAHA &#8211; TRACER 900 GT<\/h2>\n\t<span class=\"price\">Max. <span class=\"woocommerce-Price-amount amount\"><bdi>134,50&nbsp;<span class=\"woocommerce-Price-currencySymbol\" translate=\"no\">&euro;<\/span><\/bdi><\/span> por 1 d\u00eda<\/span>\n<\/a><a href=\"https:\/\/www.rentriders.pt\/es\/produto\/yamaha-tracer-900-gt\/\" rel=\"nofollow\" class=\"button\">Rent &amp; Ride<\/a>\t<span id=\"woocommerce_loop_add_to_cart_link_describedby_11621\" class=\"screen-reader-text\">\n\t\t\t<\/span>\n<\/li>\n<\/ul>\n<\/div>\n<p style=\"text-align: center;\">Paga solo el 20% del importe total del alquiler ahora y el resto en el Check-in.<\/p>\n<p style=\"text-align: center;\"><strong><span style=\"text-decoration: underline;\">Experiencia en la conducci\u00f3n de ciclomotores o motocicletas se requiere para su seguridad y para la seguridad de terceros.<\/span><\/strong><\/p>\n<p style=\"text-align: justify;\"><strong><em>* El descuento del 15% est\u00e1 incluido, ya est\u00e1 descontado, en el precio final mostrado. <span style=\"text-decoration: underline;\">Los precios mostrados en el mostrador de la agencia pueden diferir en m\u00e1s de un 15% respecto a los precios aqu\u00ed mostrados.<\/span><\/em><\/strong><\/p>\n<hr \/>\n<h3 style=\"text-align: center;\"><strong>Alquiler de Scooters, Motos, Bicicletas &amp; e-Bikes en Lisboa @ RentRiders<sup>\u00ae<\/sup><\/strong><\/h3>\n<p style=\"text-align: justify;\">RentRiders<sup>\u00ae<\/sup> es su empresa de alquiler de scooters, motos &amp; bicicletas en Lisboa. \u00a1Conseguir\u00e1s una experiencia inolvidable!<\/p>\n<p style=\"text-align: justify;\">Con nuestros alquileres de scooters, maxiscooters, motos o bicicletas es f\u00e1cil encontrar hermosas playas cerca de Lisboa donde refrescarse en nuestras aguas atl\u00e1nticas.<\/p>\n<h4 style=\"text-align: center;\">\u00a1Alquila una moto o scooter en Lisboa con RentRiders y disfruta de nuestra encantadora ciudad y sus alrededores!<\/h4>\n<p style=\"text-align: justify;\">En RentRiders<sup>\u00ae <\/sup>alquilar una scooter, una maxiscooter o una moto es f\u00e1cil . \u00a1 Con nuestro servicio de alquiler, avent\u00farate a descubrir Lisboa y sus alrededores !<\/p>\n<p style=\"text-align: justify;\">Lisboa y la playa van de la mano a la perfecci\u00f3n! Solo o en compa\u00f1\u00eda . La elecci\u00f3n es tuya. Ven a RentRiders<sup>\u00ae<\/sup>, alquila una scooter, una maxiscooter o una moto y disfruta de Lisboa !<\/p>\n<p style=\"text-align: justify;\">\u00a1Al alquilar uno de nuestros scooters, maxiscooters o motos, sentir\u00e1s el \u00absabor del aire de Lisboa\u00bb! No \u201csentir\u00e1s\u201d el tr\u00e1fico en tu piel, no tendr\u00e1s problemas de aparcamiento y, sobre todo, correr\u00e1s por Lisboa con total libertad . Con una de nuestras scooters, maxiscooters o motos de alquiler, conocer\u00e1s m\u00e1s por menos. M\u00e1s ubicaciones en menos tiempo.<\/p>\n<p style=\"text-align: justify;\">Alquila una scooter, una maxiscooter o una moto y vive una experiencia \u00fanica. \u00a1 No se arrepentir\u00e1 y probablemente regresar\u00e1 para otro viaje !<\/p>\n<p style=\"text-align: justify;\">Lisboa tiene la \u201cluz\u201d natural m\u00e1s hermosa del mundo ! A los mandos de una de nuestras scooters podr\u00e1s disfrutar de este regalo de la naturaleza tan exclusivo de Lisboa . \u201cLis-es-boa\u201d alquilando y conduciendo una de nuestras scooters, maxiscooters o motos de alquiler.<\/p>\n<h4 style=\"text-align: center;\">\u00a1Alquilar una bicicleta siempre es una opci\u00f3n sana y v\u00e1lida!<\/h4>\n<p style=\"text-align: justify;\">La forma ideal de descubrir Lisboa, pedaleando. Sin estr\u00e9s, sin molestias. Alquile una bicicleta y d\u00e9jese llevar por la hermosa ciudad de Lisboa.<\/p>\n<p style=\"text-align: justify;\">Lisboa est\u00e1 llena de monumentos y hermosos paisajes. Disfruta visitando todos estos lugares en un transporte muy pr\u00e1ctico, econ\u00f3mico y ecol\u00f3gico. Y seguro que despu\u00e9s de descubrir los encantos de Lisboa pedaleando tendr\u00e1s un enorme apetito por degustar las deliciosas delicias culinarias que Lisboa tiene para ofrecer.<\/p>\n<p style=\"text-align: justify;\">\u00a1Alquila una bicicleta o una e-bike en RentRiders<sup>\u00ae<\/sup> y visita Lisboa sobre dos ruedas con total libertad! \u00a1Conozca Lisboa de una manera pr\u00e1ctica y respetuosa con el medio ambiente!<\/p>\n<p style=\"text-align: justify;\">En RentRiders<sup>\u00ae<\/sup> puedes alquilar las bicicletas m\u00e1s exclusivas como las de Scott; Sub-Comfort, Scott Aspect, Speedster, Scott E-Sub Active o Scott Sub Cross e-Ride. \u00a1Es tu elecci\u00f3n! \u00a1Alquile una bicicleta @ RentRiders<sup>\u00ae<\/sup> y vaya a la aventura en bicicleta por Lisboa !<\/p>\n<p style=\"text-align: justify;\">Si eres m\u00e1s aventurero, dir\u00edgete a Cascais por el r\u00edo Tajo en una de nuestras bicicletas. Si cree que puede estar demasiado lejos, simplemente explore el interior de Lisboa, como Baixa o incluso Torre de Bel\u00e9m, es lo suficientemente interesante. \u00a1Ser\u00e1 bueno para tu salud!<\/p>\n<p style=\"text-align: justify;\">Las bicicletas Scott, disponibles con cuadro de aleaci\u00f3n ligera adaptado a hombre, mujer o unisex, son bicicletas top que te proporcionar\u00e1n mayor comodidad en tu visita a Lisboa. Pasear por el r\u00edo al volante de estas bicicletas ser\u00e1 una experiencia inolvidable. \u00a1Alquile una bicicleta con RentRiders\u00ae y sea libre en Lisboa!<\/p>\n<p style=\"text-align: justify;\">Nuestras bicicletas Scott son unas excelentes compa\u00f1eras para descubrir Lisboa, \u00a1Alquila una con nosotros!<\/p>\n<h5 style=\"text-align: center;\">Divi\u00e9rtete en nuestra ciudad con RentRiders<sup>\u00ae<\/sup> Rentals. \u00a1Somos su mejor empresa de alquiler en Lisboa!<\/h5>\n<h6 style=\"text-align: center;\">RENTRIDERS<sup>\u00ae<\/sup> | RENT-A-RIDE<\/h6>\n<p><!-- Google Tag Manager (noscript) --><br \/>\n<noscript><iframe loading=\"lazy\" src=\"https:\/\/www.googletagmanager.com\/ns.html?id=GTM-NGXT3V8Z\" height=\"0\" width=\"0\" style=\"display:none;visibility:hidden\"><\/iframe><\/noscript><br \/>\n<!-- End Google Tag Manager (noscript) --><\/p>","protected":false},"excerpt":{"rendered":"<p>Alquiler de scooters, motocicletas y bicicletas en Lisboa es @ RentRiders \u00ae. Reserva online ahora, alquila directamente con nosotros y garantiza un 10% de descuento. \u00a1 F\u00e1cil !<\/p>\n","protected":false},"author":1,"featured_media":30,"parent":0,"menu_order":0,"comment_status":"closed","ping_status":"closed","template":"","meta":{"iawp_total_views":15357,"footnotes":""},"class_list":["post-13332","page","type-page","status-publish","has-post-thumbnail","czr-hentry"],"_links":{"self":[{"href":"https:\/\/www.rentriders.pt\/es\/wp-json\/wp\/v2\/pages\/13332","targetHints":{"allow":["GET"]}}],"collection":[{"href":"https:\/\/www.rentriders.pt\/es\/wp-json\/wp\/v2\/pages"}],"about":[{"href":"https:\/\/www.rentriders.pt\/es\/wp-json\/wp\/v2\/types\/page"}],"author":[{"embeddable":true,"href":"https:\/\/www.rentriders.pt\/es\/wp-json\/wp\/v2\/users\/1"}],"replies":[{"embeddable":true,"href":"https:\/\/www.rentriders.pt\/es\/wp-json\/wp\/v2\/comments?post=13332"}],"version-history":[{"count":21,"href":"https:\/\/www.rentriders.pt\/es\/wp-json\/wp\/v2\/pages\/13332\/revisions"}],"predecessor-version":[{"id":17222,"href":"https:\/\/www.rentriders.pt\/es\/wp-json\/wp\/v2\/pages\/13332\/revisions\/17222"}],"wp:featuredmedia":[{"embeddable":true,"href":"https:\/\/www.rentriders.pt\/es\/wp-json\/wp\/v2\/media\/30"}],"wp:attachment":[{"href":"https:\/\/www.rentriders.pt\/es\/wp-json\/wp\/v2\/media?parent=13332"}],"curies":[{"name":"wp","href":"https:\/\/api.w.org\/{rel}","templated":true}]}}